{"id":201,"date":"2015-09-21T14:55:03","date_gmt":"2015-09-21T14:55:03","guid":{"rendered":"http:\/\/www.maquinaria-para-la-madera.com\/aisimas\/?page_id=201"},"modified":"2015-10-08T13:32:53","modified_gmt":"2015-10-08T13:32:53","slug":"escaparates","status":"publish","type":"page","link":"http:\/\/aisimasc-cp506.wordpresstemporal.com\/index.php\/escaparates\/","title":{"rendered":"VITRINES"},"content":{"rendered":"<h2 class=\"tituloBloque\">STYLISTE GALANA-Pamplona<\/h2>\n<hr \/>\n<h2 class=\"tituloBloque\"><\/h2>\n<div class=\"textoBloque\">\n<p align=\"justify\">Con\u00e7u en Aisi +, ce qui a une fen\u00eatre de salon de beaut\u00e9 et cadres de portes en acier inoxydable.<br \/>\nLa fa\u00e7ade est encadr\u00e9e par une frise au sommet, \u00e9galement en acier, qui comprend le logo de la salle.<\/p>\n\n\t\t<style type=\"text\/css\">\n\t\t\t#gallery-1 {\n\t\t\t\tmargin: auto;\n\t\t\t}\n\t\t\t#gallery-1 .gallery-item {\n\t\t\t\tfloat: left;\n\t\t\t\tmargin-top: 10px;\n\t\t\t\ttext-align: center;\n\t\t\t\twidth: 33%;\n\t\t\t}\n\t\t\t#gallery-1 img {\n\t\t\t\tborder: 2px solid #cfcfcf;\n\t\t\t}\n\t\t\t#gallery-1 .gallery-caption {\n\t\t\t\tmargin-left: 0;\n\t\t\t}\n\t\t\t\/* see gallery_shortcode() in wp-includes\/media.php *\/\n\t\t<\/style>\n\t\t<div id='gallery-1' class='gallery galleryid-201 gallery-columns-3 gallery-size-medium'><dl class='gallery-item'>\n\t\t\t<dt class='gallery-icon landscape'>\n\t\t\t\t<a href='http:\/\/aisimasc-cp506.wordpresstemporal.com\/wp-content\/uploads\/2015\/09\/11.jpg'><img width=\"300\" height=\"225\" src=\"http:\/\/aisimasc-cp506.wordpresstemporal.com\/wp-content\/uploads\/2015\/09\/11-300x225.jpg\" class=\"attachment-medium size-medium\" alt=\"\" decoding=\"async\" loading=\"lazy\" aria-describedby=\"gallery-1-202\" srcset=\"http:\/\/aisimasc-cp506.wordpresstemporal.com\/wp-content\/uploads\/2015\/09\/11-300x225.jpg 300w, http:\/\/aisimasc-cp506.wordpresstemporal.com\/wp-content\/uploads\/2015\/09\/11.jpg 799w\" sizes=\"(max-width: 300px) 100vw, 300px\" \/><\/a>\n\t\t\t<\/dt>\n\t\t\t\t<dd class='wp-caption-text gallery-caption' id='gallery-1-202'>\n\t\t\t\tPropuesta dise\u00f1ada por Aisi+\n\t\t\t\t<\/dd><\/dl><dl class='gallery-item'>\n\t\t\t<dt class='gallery-icon landscape'>\n\t\t\t\t<a href='http:\/\/aisimasc-cp506.wordpresstemporal.com\/wp-content\/uploads\/2015\/09\/31.jpg'><img width=\"300\" height=\"225\" src=\"http:\/\/aisimasc-cp506.wordpresstemporal.com\/wp-content\/uploads\/2015\/09\/31-300x225.jpg\" class=\"attachment-medium size-medium\" alt=\"\" decoding=\"async\" loading=\"lazy\" aria-describedby=\"gallery-1-203\" srcset=\"http:\/\/aisimasc-cp506.wordpresstemporal.com\/wp-content\/uploads\/2015\/09\/31-300x225.jpg 300w, http:\/\/aisimasc-cp506.wordpresstemporal.com\/wp-content\/uploads\/2015\/09\/31.jpg 800w\" sizes=\"(max-width: 300px) 100vw, 300px\" \/><\/a>\n\t\t\t<\/dt>\n\t\t\t\t<dd class='wp-caption-text gallery-caption' id='gallery-1-203'>\n\t\t\t\tDetalle de acabados\n\t\t\t\t<\/dd><\/dl><dl class='gallery-item'>\n\t\t\t<dt class='gallery-icon landscape'>\n\t\t\t\t<a href='http:\/\/aisimasc-cp506.wordpresstemporal.com\/wp-content\/uploads\/2015\/09\/4.jpg'><img width=\"300\" height=\"225\" src=\"http:\/\/aisimasc-cp506.wordpresstemporal.com\/wp-content\/uploads\/2015\/09\/4-300x225.jpg\" class=\"attachment-medium size-medium\" alt=\"\" decoding=\"async\" loading=\"lazy\" aria-describedby=\"gallery-1-204\" srcset=\"http:\/\/aisimasc-cp506.wordpresstemporal.com\/wp-content\/uploads\/2015\/09\/4-300x225.jpg 300w, http:\/\/aisimasc-cp506.wordpresstemporal.com\/wp-content\/uploads\/2015\/09\/4.jpg 800w\" sizes=\"(max-width: 300px) 100vw, 300px\" \/><\/a>\n\t\t\t<\/dt>\n\t\t\t\t<dd class='wp-caption-text gallery-caption' id='gallery-1-204'>\n\t\t\t\tVista general del escaparate y detalle\n\t\t\t\t<\/dd><\/dl><br style=\"clear: both\" \/><dl class='gallery-item'>\n\t\t\t<dt class='gallery-icon portrait'>\n\t\t\t\t<a href='http:\/\/aisimasc-cp506.wordpresstemporal.com\/wp-content\/uploads\/2015\/09\/51.jpg'><img width=\"225\" height=\"300\" src=\"http:\/\/aisimasc-cp506.wordpresstemporal.com\/wp-content\/uploads\/2015\/09\/51-225x300.jpg\" class=\"attachment-medium size-medium\" alt=\"\" decoding=\"async\" loading=\"lazy\" aria-describedby=\"gallery-1-205\" srcset=\"http:\/\/aisimasc-cp506.wordpresstemporal.com\/wp-content\/uploads\/2015\/09\/51-225x300.jpg 225w, http:\/\/aisimasc-cp506.wordpresstemporal.com\/wp-content\/uploads\/2015\/09\/51.jpg 450w\" sizes=\"(max-width: 225px) 100vw, 225px\" \/><\/a>\n\t\t\t<\/dt>\n\t\t\t\t<dd class='wp-caption-text gallery-caption' id='gallery-1-205'>\n\t\t\t\tDetalle del logo integrado en el friso\n\t\t\t\t<\/dd><\/dl><dl class='gallery-item'>\n\t\t\t<dt class='gallery-icon portrait'>\n\t\t\t\t<a href='http:\/\/aisimasc-cp506.wordpresstemporal.com\/wp-content\/uploads\/2015\/09\/6.jpg'><img width=\"225\" height=\"300\" src=\"http:\/\/aisimasc-cp506.wordpresstemporal.com\/wp-content\/uploads\/2015\/09\/6-225x300.jpg\" class=\"attachment-medium size-medium\" alt=\"\" decoding=\"async\" loading=\"lazy\" aria-describedby=\"gallery-1-206\" srcset=\"http:\/\/aisimasc-cp506.wordpresstemporal.com\/wp-content\/uploads\/2015\/09\/6-225x300.jpg 225w, http:\/\/aisimasc-cp506.wordpresstemporal.com\/wp-content\/uploads\/2015\/09\/6.jpg 450w\" sizes=\"(max-width: 225px) 100vw, 225px\" \/><\/a>\n\t\t\t<\/dt>\n\t\t\t\t<dd class='wp-caption-text gallery-caption' id='gallery-1-206'>\n\t\t\t\tDetalle del tirador de la puerta\n\t\t\t\t<\/dd><\/dl><dl class='gallery-item'>\n\t\t\t<dt class='gallery-icon landscape'>\n\t\t\t\t<a href='http:\/\/aisimasc-cp506.wordpresstemporal.com\/wp-content\/uploads\/2015\/09\/21.jpg'><img width=\"300\" height=\"225\" src=\"http:\/\/aisimasc-cp506.wordpresstemporal.com\/wp-content\/uploads\/2015\/09\/21-300x225.jpg\" class=\"attachment-medium size-medium\" alt=\"\" decoding=\"async\" loading=\"lazy\" aria-describedby=\"gallery-1-207\" srcset=\"http:\/\/aisimasc-cp506.wordpresstemporal.com\/wp-content\/uploads\/2015\/09\/21-300x225.jpg 300w, http:\/\/aisimasc-cp506.wordpresstemporal.com\/wp-content\/uploads\/2015\/09\/21.jpg 800w\" sizes=\"(max-width: 300px) 100vw, 300px\" \/><\/a>\n\t\t\t<\/dt>\n\t\t\t\t<dd class='wp-caption-text gallery-caption' id='gallery-1-207'>\n\t\t\t\tVista general del friso\n\t\t\t\t<\/dd><\/dl><br style=\"clear: both\" \/>\n\t\t<\/div>\n\n<\/div>\n<h2 class=\"tituloBloque\">OGI BERRI &#8211; Irun<\/h2>\n<hr \/>\n<h2 class=\"tituloBloque\"><\/h2>\n<div class=\"textoBloque\">\n<p align=\"justify\">Cette Ogi Berri a deux fen\u00eatres, une porte avec porte d&#8217;acc\u00e8s et un espace qui sert la terrasse avec une ceinture et plaques de cuisson, faites par AISI+<\/p>\n<\/div>\n\n\t\t<style type=\"text\/css\">\n\t\t\t#gallery-2 {\n\t\t\t\tmargin: auto;\n\t\t\t}\n\t\t\t#gallery-2 .gallery-item {\n\t\t\t\tfloat: left;\n\t\t\t\tmargin-top: 10px;\n\t\t\t\ttext-align: center;\n\t\t\t\twidth: 33%;\n\t\t\t}\n\t\t\t#gallery-2 img {\n\t\t\t\tborder: 2px solid #cfcfcf;\n\t\t\t}\n\t\t\t#gallery-2 .gallery-caption {\n\t\t\t\tmargin-left: 0;\n\t\t\t}\n\t\t\t\/* see gallery_shortcode() in wp-includes\/media.php *\/\n\t\t<\/style>\n\t\t<div id='gallery-2' class='gallery galleryid-201 gallery-columns-3 gallery-size-medium'><dl class='gallery-item'>\n\t\t\t<dt class='gallery-icon landscape'>\n\t\t\t\t<a href='http:\/\/aisimasc-cp506.wordpresstemporal.com\/wp-content\/uploads\/2015\/09\/111.jpg'><img width=\"300\" height=\"225\" src=\"http:\/\/aisimasc-cp506.wordpresstemporal.com\/wp-content\/uploads\/2015\/09\/111-300x225.jpg\" class=\"attachment-medium size-medium\" alt=\"\" decoding=\"async\" loading=\"lazy\" aria-describedby=\"gallery-2-209\" srcset=\"http:\/\/aisimasc-cp506.wordpresstemporal.com\/wp-content\/uploads\/2015\/09\/111-300x225.jpg 300w, http:\/\/aisimasc-cp506.wordpresstemporal.com\/wp-content\/uploads\/2015\/09\/111.jpg 800w\" sizes=\"(max-width: 300px) 100vw, 300px\" \/><\/a>\n\t\t\t<\/dt>\n\t\t\t\t<dd class='wp-caption-text gallery-caption' id='gallery-2-209'>\n\t\t\t\tConjunto de fachada con la ventana de guillotina\n\t\t\t\t<\/dd><\/dl><dl class='gallery-item'>\n\t\t\t<dt class='gallery-icon landscape'>\n\t\t\t\t<a href='http:\/\/aisimasc-cp506.wordpresstemporal.com\/wp-content\/uploads\/2015\/09\/311.jpg'><img width=\"300\" height=\"225\" src=\"http:\/\/aisimasc-cp506.wordpresstemporal.com\/wp-content\/uploads\/2015\/09\/311-300x225.jpg\" class=\"attachment-medium size-medium\" alt=\"\" decoding=\"async\" loading=\"lazy\" aria-describedby=\"gallery-2-208\" srcset=\"http:\/\/aisimasc-cp506.wordpresstemporal.com\/wp-content\/uploads\/2015\/09\/311-300x225.jpg 300w, http:\/\/aisimasc-cp506.wordpresstemporal.com\/wp-content\/uploads\/2015\/09\/311.jpg 800w\" sizes=\"(max-width: 300px) 100vw, 300px\" \/><\/a>\n\t\t\t<\/dt>\n\t\t\t\t<dd class='wp-caption-text gallery-caption' id='gallery-2-208'>\n\t\t\t\tDetalle de la verja\n\t\t\t\t<\/dd><\/dl><dl class='gallery-item'>\n\t\t\t<dt class='gallery-icon portrait'>\n\t\t\t\t<a href='http:\/\/aisimasc-cp506.wordpresstemporal.com\/wp-content\/uploads\/2015\/09\/211.jpg'><img width=\"231\" height=\"300\" src=\"http:\/\/aisimasc-cp506.wordpresstemporal.com\/wp-content\/uploads\/2015\/09\/211-231x300.jpg\" class=\"attachment-medium size-medium\" alt=\"\" decoding=\"async\" loading=\"lazy\" aria-describedby=\"gallery-2-210\" srcset=\"http:\/\/aisimasc-cp506.wordpresstemporal.com\/wp-content\/uploads\/2015\/09\/211-231x300.jpg 231w, http:\/\/aisimasc-cp506.wordpresstemporal.com\/wp-content\/uploads\/2015\/09\/211.jpg 462w\" sizes=\"(max-width: 231px) 100vw, 231px\" \/><\/a>\n\t\t\t<\/dt>\n\t\t\t\t<dd class='wp-caption-text gallery-caption' id='gallery-2-210'>\n\t\t\t\tVerja de dise\u00f1o para la puerta de entrada\n\t\t\t\t<\/dd><\/dl><br style=\"clear: both\" \/>\n\t\t<\/div>\n\n<p>&nbsp;<\/p>\n<h2 class=\"tituloBloque\">COIFFURE NAGORE SUSPERREGUI-Irun<\/h2>\n<hr \/>\n<h2 class=\"tituloBloque\"><\/h2>\n<div class=\"textoBloque\">\n<p align=\"justify\">Ce salon de coiffure situ\u00e9 dans le nouveau quartier de O\u00f1aurre \u00e0 Irun, a une vitrine con\u00e7ue par Aisi +.<br \/>\nAvec l&#8217;intention de cacher le plafond et faux airs conditionn\u00e9, sont plac\u00e9s des feuilles d&#8217;acier inoxydable, qui ont \u00e9t\u00e9 for\u00e9s et de forage qui, ensemble, forment un grand cercle, et en permettant \u00e0 la ventilation n\u00e9cessaire \u00e0 la climatisation.<\/p>\n<\/div>\n\n\t\t<style type=\"text\/css\">\n\t\t\t#gallery-3 {\n\t\t\t\tmargin: auto;\n\t\t\t}\n\t\t\t#gallery-3 .gallery-item {\n\t\t\t\tfloat: left;\n\t\t\t\tmargin-top: 10px;\n\t\t\t\ttext-align: center;\n\t\t\t\twidth: 50%;\n\t\t\t}\n\t\t\t#gallery-3 img {\n\t\t\t\tborder: 2px solid #cfcfcf;\n\t\t\t}\n\t\t\t#gallery-3 .gallery-caption {\n\t\t\t\tmargin-left: 0;\n\t\t\t}\n\t\t\t\/* see gallery_shortcode() in wp-includes\/media.php *\/\n\t\t<\/style>\n\t\t<div id='gallery-3' class='gallery galleryid-201 gallery-columns-2 gallery-size-medium'><dl class='gallery-item'>\n\t\t\t<dt class='gallery-icon landscape'>\n\t\t\t\t<a href='http:\/\/aisimasc-cp506.wordpresstemporal.com\/wp-content\/uploads\/2015\/09\/32.jpg'><img width=\"300\" height=\"225\" src=\"http:\/\/aisimasc-cp506.wordpresstemporal.com\/wp-content\/uploads\/2015\/09\/32-300x225.jpg\" class=\"attachment-medium size-medium\" alt=\"\" decoding=\"async\" loading=\"lazy\" aria-describedby=\"gallery-3-211\" srcset=\"http:\/\/aisimasc-cp506.wordpresstemporal.com\/wp-content\/uploads\/2015\/09\/32-300x225.jpg 300w, http:\/\/aisimasc-cp506.wordpresstemporal.com\/wp-content\/uploads\/2015\/09\/32.jpg 800w\" sizes=\"(max-width: 300px) 100vw, 300px\" \/><\/a>\n\t\t\t<\/dt>\n\t\t\t\t<dd class='wp-caption-text gallery-caption' id='gallery-3-211'>\n\t\t\t\tEscaparate en acero inoxidable\n\t\t\t\t<\/dd><\/dl><dl class='gallery-item'>\n\t\t\t<dt class='gallery-icon portrait'>\n\t\t\t\t<a href='http:\/\/aisimasc-cp506.wordpresstemporal.com\/wp-content\/uploads\/2015\/09\/33.jpg'><img width=\"225\" height=\"300\" src=\"http:\/\/aisimasc-cp506.wordpresstemporal.com\/wp-content\/uploads\/2015\/09\/33-225x300.jpg\" class=\"attachment-medium size-medium\" alt=\"\" decoding=\"async\" loading=\"lazy\" aria-describedby=\"gallery-3-212\" srcset=\"http:\/\/aisimasc-cp506.wordpresstemporal.com\/wp-content\/uploads\/2015\/09\/33-225x300.jpg 225w, http:\/\/aisimasc-cp506.wordpresstemporal.com\/wp-content\/uploads\/2015\/09\/33.jpg 450w\" sizes=\"(max-width: 225px) 100vw, 225px\" \/><\/a>\n\t\t\t<\/dt>\n\t\t\t\t<dd class='wp-caption-text gallery-caption' id='gallery-3-212'>\n\t\t\t\tDetalle de la rejilla de ventilaci\u00f3n\n\t\t\t\t<\/dd><\/dl><br style=\"clear: both\" \/>\n\t\t<\/div>\n\n","protected":false},"excerpt":{"rendered":"<p>STYLISTE GALANA-Pamplona Con\u00e7u en Aisi +, ce qui a une fen\u00eatre de salon de beaut\u00e9 et cadres de portes en acier inoxydable. La fa\u00e7ade est encadr\u00e9e par une frise au sommet, \u00e9galement en acier, qui comprend le logo de la salle. OGI BERRI &#8211; Irun Cette Ogi Berri a deux fen\u00eatres, une porte avec porte [&hellip;]<\/p>\n","protected":false},"author":2,"featured_media":0,"parent":0,"menu_order":0,"comment_status":"closed","ping_status":"closed","template":"","meta":{"_et_pb_use_builder":"","_et_pb_old_content":""},"_links":{"self":[{"href":"http:\/\/aisimasc-cp506.wordpresstemporal.com\/index.php\/wp-json\/wp\/v2\/pages\/201"}],"collection":[{"href":"http:\/\/aisimasc-cp506.wordpresstemporal.com\/index.php\/wp-json\/wp\/v2\/pages"}],"about":[{"href":"http:\/\/aisimasc-cp506.wordpresstemporal.com\/index.php\/wp-json\/wp\/v2\/types\/page"}],"author":[{"embeddable":true,"href":"http:\/\/aisimasc-cp506.wordpresstemporal.com\/index.php\/wp-json\/wp\/v2\/users\/2"}],"replies":[{"embeddable":true,"href":"http:\/\/aisimasc-cp506.wordpresstemporal.com\/index.php\/wp-json\/wp\/v2\/comments?post=201"}],"version-history":[{"count":3,"href":"http:\/\/aisimasc-cp506.wordpresstemporal.com\/index.php\/wp-json\/wp\/v2\/pages\/201\/revisions"}],"predecessor-version":[{"id":359,"href":"http:\/\/aisimasc-cp506.wordpresstemporal.com\/index.php\/wp-json\/wp\/v2\/pages\/201\/revisions\/359"}],"wp:attachment":[{"href":"http:\/\/aisimasc-cp506.wordpresstemporal.com\/index.php\/wp-json\/wp\/v2\/media?parent=201"}],"curies":[{"name":"wp","href":"https:\/\/api.w.org\/{rel}","templated":true}]}}