{"id":368,"date":"2015-09-21T12:33:09","date_gmt":"2015-09-21T12:33:09","guid":{"rendered":"http:\/\/www.maquinaria-para-la-madera.com\/aisimas\/?page_id=168"},"modified":"2016-01-12T16:22:01","modified_gmt":"2016-01-12T16:22:01","slug":"cocinas-2","status":"publish","type":"page","link":"http:\/\/aisimasc-cp506.wordpresstemporal.com\/index.php\/cocinas-2\/","title":{"rendered":"COCINAS"},"content":{"rendered":"<h2 class=\"tituloBloque\">COCINA DE LA REAL SOCIEDAD DE F\u00daTBOL &#8211; Donosti<\/h2>\n<hr \/>\n<h2 class=\"tituloBloque\"><\/h2>\n<div class=\"textoBloque\">\n<p align=\"justify\">La cocina de La Real Sociedad, construida en 2011, ha sido renovada en 2013 a trav\u00e9s de Etxe-Lan, S.Coop.<br \/>\nAisi+ ha sido la encargada de realizar la zona de preparaciones y cocinado, que forma un \u00fanico conjunto en L, dando as\u00ed una unidad al espacio. Y la isla central, cuyo uso principal es de almacenaje, y que hace de elemento separador entre comedor y cocina.<\/p>\n<\/div>\n\n\t\t<style type=\"text\/css\">\n\t\t\t#gallery-1 {\n\t\t\t\tmargin: auto;\n\t\t\t}\n\t\t\t#gallery-1 .gallery-item {\n\t\t\t\tfloat: left;\n\t\t\t\tmargin-top: 10px;\n\t\t\t\ttext-align: center;\n\t\t\t\twidth: 50%;\n\t\t\t}\n\t\t\t#gallery-1 img {\n\t\t\t\tborder: 2px solid #cfcfcf;\n\t\t\t}\n\t\t\t#gallery-1 .gallery-caption {\n\t\t\t\tmargin-left: 0;\n\t\t\t}\n\t\t\t\/* see gallery_shortcode() in wp-includes\/media.php *\/\n\t\t<\/style>\n\t\t<div id='gallery-1' class='gallery galleryid-368 gallery-columns-2 gallery-size-medium'><dl class='gallery-item'>\n\t\t\t<dt class='gallery-icon landscape'>\n\t\t\t\t<a href='http:\/\/aisimasc-cp506.wordpresstemporal.com\/wp-content\/uploads\/2015\/09\/imagen-051384165298.jpg'><img width=\"300\" height=\"171\" src=\"http:\/\/aisimasc-cp506.wordpresstemporal.com\/wp-content\/uploads\/2015\/09\/imagen-051384165298-300x171.jpg\" class=\"attachment-medium size-medium\" alt=\"\" decoding=\"async\" loading=\"lazy\" aria-describedby=\"gallery-1-169\" srcset=\"http:\/\/aisimasc-cp506.wordpresstemporal.com\/wp-content\/uploads\/2015\/09\/imagen-051384165298-300x171.jpg 300w, http:\/\/aisimasc-cp506.wordpresstemporal.com\/wp-content\/uploads\/2015\/09\/imagen-051384165298.jpg 800w\" sizes=\"(max-width: 300px) 100vw, 300px\" \/><\/a>\n\t\t\t<\/dt>\n\t\t\t\t<dd class='wp-caption-text gallery-caption' id='gallery-1-169'>\n\t\t\t\tZona de preparaciones y cocinado. Cuenta con una encimera continua en forma de L\n\t\t\t\t<\/dd><\/dl><dl class='gallery-item'>\n\t\t\t<dt class='gallery-icon landscape'>\n\t\t\t\t<a href='http:\/\/aisimasc-cp506.wordpresstemporal.com\/wp-content\/uploads\/2015\/09\/imagen-091384161009.jpg'><img width=\"300\" height=\"200\" src=\"http:\/\/aisimasc-cp506.wordpresstemporal.com\/wp-content\/uploads\/2015\/09\/imagen-091384161009-300x200.jpg\" class=\"attachment-medium size-medium\" alt=\"\" decoding=\"async\" loading=\"lazy\" aria-describedby=\"gallery-1-170\" srcset=\"http:\/\/aisimasc-cp506.wordpresstemporal.com\/wp-content\/uploads\/2015\/09\/imagen-091384161009-300x200.jpg 300w, http:\/\/aisimasc-cp506.wordpresstemporal.com\/wp-content\/uploads\/2015\/09\/imagen-091384161009.jpg 800w\" sizes=\"(max-width: 300px) 100vw, 300px\" \/><\/a>\n\t\t\t<\/dt>\n\t\t\t\t<dd class='wp-caption-text gallery-caption' id='gallery-1-170'>\n\t\t\t\tConjunto completo de cocina.\n\t\t\t\t<\/dd><\/dl><br style=\"clear: both\" \/><dl class='gallery-item'>\n\t\t\t<dt class='gallery-icon landscape'>\n\t\t\t\t<a href='http:\/\/aisimasc-cp506.wordpresstemporal.com\/wp-content\/uploads\/2015\/09\/imagen-191384161175.jpg'><img width=\"300\" height=\"200\" src=\"http:\/\/aisimasc-cp506.wordpresstemporal.com\/wp-content\/uploads\/2015\/09\/imagen-191384161175-300x200.jpg\" class=\"attachment-medium size-medium\" alt=\"\" decoding=\"async\" loading=\"lazy\" aria-describedby=\"gallery-1-171\" srcset=\"http:\/\/aisimasc-cp506.wordpresstemporal.com\/wp-content\/uploads\/2015\/09\/imagen-191384161175-300x200.jpg 300w, http:\/\/aisimasc-cp506.wordpresstemporal.com\/wp-content\/uploads\/2015\/09\/imagen-191384161175.jpg 800w\" sizes=\"(max-width: 300px) 100vw, 300px\" \/><\/a>\n\t\t\t<\/dt>\n\t\t\t\t<dd class='wp-caption-text gallery-caption' id='gallery-1-171'>\n\t\t\t\t   Bastidor a medida, contiene huecos para electrodom\u00e9sticos y dos puertas, una de ellas con hueco para basura\n\t\t\t\t<\/dd><\/dl><dl class='gallery-item'>\n\t\t\t<dt class='gallery-icon landscape'>\n\t\t\t\t<a href='http:\/\/aisimasc-cp506.wordpresstemporal.com\/wp-content\/uploads\/2015\/09\/imagen171384162515.jpg'><img width=\"300\" height=\"200\" src=\"http:\/\/aisimasc-cp506.wordpresstemporal.com\/wp-content\/uploads\/2015\/09\/imagen171384162515-300x200.jpg\" class=\"attachment-medium size-medium\" alt=\"\" decoding=\"async\" loading=\"lazy\" aria-describedby=\"gallery-1-172\" srcset=\"http:\/\/aisimasc-cp506.wordpresstemporal.com\/wp-content\/uploads\/2015\/09\/imagen171384162515-300x200.jpg 300w, http:\/\/aisimasc-cp506.wordpresstemporal.com\/wp-content\/uploads\/2015\/09\/imagen171384162515.jpg 800w\" sizes=\"(max-width: 300px) 100vw, 300px\" \/><\/a>\n\t\t\t<\/dt>\n\t\t\t\t<dd class='wp-caption-text gallery-caption' id='gallery-1-172'>\n\t\t\t\tIsleta central de almacenaje. Accesible por dos caras, dando uso tanto al comedor como a la cocina\n\t\t\t\t<\/dd><\/dl><br style=\"clear: both\" \/>\n\t\t<\/div>\n\n<h2 class=\"tituloBloque\">CONVENTO KRISTOBALDEGI &#8211; Loiola<\/h2>\n<hr \/>\n<h2 class=\"tituloBloque\"><\/h2>\n<div class=\"textoBloque\">Este convento situado en Loiola, cuenta con una cocina dise\u00f1ada por Aisi+ y se compone de una zona de lavado y otra de preparaci\u00f3n y almacenaje. La zona de preparaci\u00f3n y almacenaje, cuenta con una gran mueble a medida donde tambi\u00e9n se han integrado dos pozos, uno de ellos con pulsador. En esta misma zona, se sit\u00faa un mueble vajillero con puertas correderas, que encaja perfectamente en el espacio. Para acabar, la zona de lavado, adem\u00e1s de su mesa con pozo, se ha realizado una mesa con un cajeo a columna para aprovechar m\u00e1s el espacio.<\/div>\n<div class=\"textoBloque\"><\/div>\n<div class=\"textoBloque\">\n\n\t\t<style type=\"text\/css\">\n\t\t\t#gallery-2 {\n\t\t\t\tmargin: auto;\n\t\t\t}\n\t\t\t#gallery-2 .gallery-item {\n\t\t\t\tfloat: left;\n\t\t\t\tmargin-top: 10px;\n\t\t\t\ttext-align: center;\n\t\t\t\twidth: 33%;\n\t\t\t}\n\t\t\t#gallery-2 img {\n\t\t\t\tborder: 2px solid #cfcfcf;\n\t\t\t}\n\t\t\t#gallery-2 .gallery-caption {\n\t\t\t\tmargin-left: 0;\n\t\t\t}\n\t\t\t\/* see gallery_shortcode() in wp-includes\/media.php *\/\n\t\t<\/style>\n\t\t<div id='gallery-2' class='gallery galleryid-368 gallery-columns-3 gallery-size-medium'><dl class='gallery-item'>\n\t\t\t<dt class='gallery-icon landscape'>\n\t\t\t\t<a href='http:\/\/aisimasc-cp506.wordpresstemporal.com\/wp-content\/uploads\/2015\/09\/011387195789.jpg'><img width=\"300\" height=\"225\" src=\"http:\/\/aisimasc-cp506.wordpresstemporal.com\/wp-content\/uploads\/2015\/09\/011387195789-300x225.jpg\" class=\"attachment-medium size-medium\" alt=\"\" decoding=\"async\" loading=\"lazy\" aria-describedby=\"gallery-2-173\" srcset=\"http:\/\/aisimasc-cp506.wordpresstemporal.com\/wp-content\/uploads\/2015\/09\/011387195789-300x225.jpg 300w, http:\/\/aisimasc-cp506.wordpresstemporal.com\/wp-content\/uploads\/2015\/09\/011387195789.jpg 896w\" sizes=\"(max-width: 300px) 100vw, 300px\" \/><\/a>\n\t\t\t<\/dt>\n\t\t\t\t<dd class='wp-caption-text gallery-caption' id='gallery-2-173'>\n\t\t\t\tVista completa del mueble de preparaci\u00f3n y lavado.\n\t\t\t\t<\/dd><\/dl><dl class='gallery-item'>\n\t\t\t<dt class='gallery-icon landscape'>\n\t\t\t\t<a href='http:\/\/aisimasc-cp506.wordpresstemporal.com\/wp-content\/uploads\/2015\/09\/061387195600.jpg'><img width=\"300\" height=\"225\" src=\"http:\/\/aisimasc-cp506.wordpresstemporal.com\/wp-content\/uploads\/2015\/09\/061387195600-300x225.jpg\" class=\"attachment-medium size-medium\" alt=\"\" decoding=\"async\" loading=\"lazy\" aria-describedby=\"gallery-2-178\" srcset=\"http:\/\/aisimasc-cp506.wordpresstemporal.com\/wp-content\/uploads\/2015\/09\/061387195600-300x225.jpg 300w, http:\/\/aisimasc-cp506.wordpresstemporal.com\/wp-content\/uploads\/2015\/09\/061387195600.jpg 952w\" sizes=\"(max-width: 300px) 100vw, 300px\" \/><\/a>\n\t\t\t<\/dt>\n\t\t\t\t<dd class='wp-caption-text gallery-caption' id='gallery-2-178'>\n\t\t\t\tDetalle encimera con relieve y pozos a medida.\n\t\t\t\t<\/dd><\/dl><dl class='gallery-item'>\n\t\t\t<dt class='gallery-icon landscape'>\n\t\t\t\t<a href='http:\/\/aisimasc-cp506.wordpresstemporal.com\/wp-content\/uploads\/2015\/09\/051387196211.jpg'><img width=\"300\" height=\"225\" src=\"http:\/\/aisimasc-cp506.wordpresstemporal.com\/wp-content\/uploads\/2015\/09\/051387196211-300x225.jpg\" class=\"attachment-medium size-medium\" alt=\"\" decoding=\"async\" loading=\"lazy\" aria-describedby=\"gallery-2-177\" srcset=\"http:\/\/aisimasc-cp506.wordpresstemporal.com\/wp-content\/uploads\/2015\/09\/051387196211-300x225.jpg 300w, http:\/\/aisimasc-cp506.wordpresstemporal.com\/wp-content\/uploads\/2015\/09\/051387196211.jpg 952w\" sizes=\"(max-width: 300px) 100vw, 300px\" \/><\/a>\n\t\t\t<\/dt>\n\t\t\t\t<dd class='wp-caption-text gallery-caption' id='gallery-2-177'>\n\t\t\t\tFrente de mueble de lavado donde se muestra el detalle de las puertas y los cajones\n\t\t\t\t<\/dd><\/dl><br style=\"clear: both\" \/><dl class='gallery-item'>\n\t\t\t<dt class='gallery-icon landscape'>\n\t\t\t\t<a href='http:\/\/aisimasc-cp506.wordpresstemporal.com\/wp-content\/uploads\/2015\/09\/041387195553.jpg'><img width=\"300\" height=\"225\" src=\"http:\/\/aisimasc-cp506.wordpresstemporal.com\/wp-content\/uploads\/2015\/09\/041387195553-300x225.jpg\" class=\"attachment-medium size-medium\" alt=\"\" decoding=\"async\" loading=\"lazy\" aria-describedby=\"gallery-2-176\" srcset=\"http:\/\/aisimasc-cp506.wordpresstemporal.com\/wp-content\/uploads\/2015\/09\/041387195553-300x225.jpg 300w, http:\/\/aisimasc-cp506.wordpresstemporal.com\/wp-content\/uploads\/2015\/09\/041387195553.jpg 952w\" sizes=\"(max-width: 300px) 100vw, 300px\" \/><\/a>\n\t\t\t<\/dt>\n\t\t\t\t<dd class='wp-caption-text gallery-caption' id='gallery-2-176'>\n\t\t\t\t   Armario vajillero a medida con puertas corredera.\n\t\t\t\t<\/dd><\/dl><dl class='gallery-item'>\n\t\t\t<dt class='gallery-icon landscape'>\n\t\t\t\t<a href='http:\/\/aisimasc-cp506.wordpresstemporal.com\/wp-content\/uploads\/2015\/09\/021387195468.jpg'><img width=\"300\" height=\"225\" src=\"http:\/\/aisimasc-cp506.wordpresstemporal.com\/wp-content\/uploads\/2015\/09\/021387195468-300x225.jpg\" class=\"attachment-medium size-medium\" alt=\"\" decoding=\"async\" loading=\"lazy\" aria-describedby=\"gallery-2-174\" srcset=\"http:\/\/aisimasc-cp506.wordpresstemporal.com\/wp-content\/uploads\/2015\/09\/021387195468-300x225.jpg 300w, http:\/\/aisimasc-cp506.wordpresstemporal.com\/wp-content\/uploads\/2015\/09\/021387195468.jpg 952w\" sizes=\"(max-width: 300px) 100vw, 300px\" \/><\/a>\n\t\t\t<\/dt>\n\t\t\t\t<dd class='wp-caption-text gallery-caption' id='gallery-2-174'>\n\t\t\t\tConjunto zona de lavado\n\t\t\t\t<\/dd><\/dl><dl class='gallery-item'>\n\t\t\t<dt class='gallery-icon portrait'>\n\t\t\t\t<a href='http:\/\/aisimasc-cp506.wordpresstemporal.com\/wp-content\/uploads\/2015\/09\/031387195506.jpg'><img width=\"225\" height=\"300\" src=\"http:\/\/aisimasc-cp506.wordpresstemporal.com\/wp-content\/uploads\/2015\/09\/031387195506-225x300.jpg\" class=\"attachment-medium size-medium\" alt=\"\" decoding=\"async\" loading=\"lazy\" aria-describedby=\"gallery-2-175\" srcset=\"http:\/\/aisimasc-cp506.wordpresstemporal.com\/wp-content\/uploads\/2015\/09\/031387195506-225x300.jpg 225w, http:\/\/aisimasc-cp506.wordpresstemporal.com\/wp-content\/uploads\/2015\/09\/031387195506.jpg 562w\" sizes=\"(max-width: 225px) 100vw, 225px\" \/><\/a>\n\t\t\t<\/dt>\n\t\t\t\t<dd class='wp-caption-text gallery-caption' id='gallery-2-175'>\n\t\t\t\tMesa de apoyo con z\u00f3calo y balda intermedia. Adem\u00e1s cuenta con un cajeo para la columna\n\t\t\t\t<\/dd><\/dl><br style=\"clear: both\" \/>\n\t\t<\/div>\n\n<h2 class=\"tituloBloque\">COCINA DOM\u00c9STICA &#8211; Renter\u00eda<\/h2>\n<hr \/>\n<h2 class=\"tituloBloque\"><\/h2>\n<div class=\"textoBloque\">Se trata de una cocina dise\u00f1ada por Aisi+, donde el acero participa en toda la composici\u00f3n dandole un rasgo industrial pero sin perder su car\u00e1cter dom\u00e9stico.<br \/>\nEl espacio est\u00e1 enmarcado por un entramado de acero inoxidable y vidrio y la cocina est\u00e1 compuesta por una campana dise\u00f1ada a medida y una encimera que combina el acero y el granito dependiendo de la zona de uso.<\/div>\n<\/div>\n<div class=\"textoBloque\"><\/div>\n<div class=\"textoBloque\">\n\n\t\t<style type=\"text\/css\">\n\t\t\t#gallery-3 {\n\t\t\t\tmargin: auto;\n\t\t\t}\n\t\t\t#gallery-3 .gallery-item {\n\t\t\t\tfloat: left;\n\t\t\t\tmargin-top: 10px;\n\t\t\t\ttext-align: center;\n\t\t\t\twidth: 33%;\n\t\t\t}\n\t\t\t#gallery-3 img {\n\t\t\t\tborder: 2px solid #cfcfcf;\n\t\t\t}\n\t\t\t#gallery-3 .gallery-caption {\n\t\t\t\tmargin-left: 0;\n\t\t\t}\n\t\t\t\/* see gallery_shortcode() in wp-includes\/media.php *\/\n\t\t<\/style>\n\t\t<div id='gallery-3' class='gallery galleryid-368 gallery-columns-3 gallery-size-medium'><dl class='gallery-item'>\n\t\t\t<dt class='gallery-icon landscape'>\n\t\t\t\t<a href='http:\/\/aisimasc-cp506.wordpresstemporal.com\/wp-content\/uploads\/2015\/09\/1921389695042.jpg'><img width=\"300\" height=\"225\" src=\"http:\/\/aisimasc-cp506.wordpresstemporal.com\/wp-content\/uploads\/2015\/09\/1921389695042-300x225.jpg\" class=\"attachment-medium size-medium\" alt=\"\" decoding=\"async\" loading=\"lazy\" aria-describedby=\"gallery-3-180\" srcset=\"http:\/\/aisimasc-cp506.wordpresstemporal.com\/wp-content\/uploads\/2015\/09\/1921389695042-300x225.jpg 300w, http:\/\/aisimasc-cp506.wordpresstemporal.com\/wp-content\/uploads\/2015\/09\/1921389695042.jpg 800w\" sizes=\"(max-width: 300px) 100vw, 300px\" \/><\/a>\n\t\t\t<\/dt>\n\t\t\t\t<dd class='wp-caption-text gallery-caption' id='gallery-3-180'>\n\t\t\t\tDise\u00f1o propuesto por Aisi+\n\t\t\t\t<\/dd><\/dl><dl class='gallery-item'>\n\t\t\t<dt class='gallery-icon landscape'>\n\t\t\t\t<a href='http:\/\/aisimasc-cp506.wordpresstemporal.com\/wp-content\/uploads\/2015\/09\/4741389694981.jpg'><img width=\"300\" height=\"225\" src=\"http:\/\/aisimasc-cp506.wordpresstemporal.com\/wp-content\/uploads\/2015\/09\/4741389694981-300x225.jpg\" class=\"attachment-medium size-medium\" alt=\"\" decoding=\"async\" loading=\"lazy\" aria-describedby=\"gallery-3-182\" srcset=\"http:\/\/aisimasc-cp506.wordpresstemporal.com\/wp-content\/uploads\/2015\/09\/4741389694981-300x225.jpg 300w, http:\/\/aisimasc-cp506.wordpresstemporal.com\/wp-content\/uploads\/2015\/09\/4741389694981.jpg 800w\" sizes=\"(max-width: 300px) 100vw, 300px\" \/><\/a>\n\t\t\t<\/dt>\n\t\t\t\t<dd class='wp-caption-text gallery-caption' id='gallery-3-182'>\n\t\t\t\tConjunto de cocina con puertas fabricadas en luminio y vidrio\n\t\t\t\t<\/dd><\/dl><dl class='gallery-item'>\n\t\t\t<dt class='gallery-icon landscape'>\n\t\t\t\t<a href='http:\/\/aisimasc-cp506.wordpresstemporal.com\/wp-content\/uploads\/2015\/09\/4361389694998.jpg'><img width=\"300\" height=\"225\" src=\"http:\/\/aisimasc-cp506.wordpresstemporal.com\/wp-content\/uploads\/2015\/09\/4361389694998-300x225.jpg\" class=\"attachment-medium size-medium\" alt=\"\" decoding=\"async\" loading=\"lazy\" aria-describedby=\"gallery-3-181\" srcset=\"http:\/\/aisimasc-cp506.wordpresstemporal.com\/wp-content\/uploads\/2015\/09\/4361389694998-300x225.jpg 300w, http:\/\/aisimasc-cp506.wordpresstemporal.com\/wp-content\/uploads\/2015\/09\/4361389694998.jpg 799w\" sizes=\"(max-width: 300px) 100vw, 300px\" \/><\/a>\n\t\t\t<\/dt>\n\t\t\t\t<dd class='wp-caption-text gallery-caption' id='gallery-3-181'>\n\t\t\t\tDetalle de encimera de acero inoxidable, donde se han dise\u00f1ado dos zonas de escurridor  \n\t\t\t\t<\/dd><\/dl><br style=\"clear: both\" \/><dl class='gallery-item'>\n\t\t\t<dt class='gallery-icon portrait'>\n\t\t\t\t<a href='http:\/\/aisimasc-cp506.wordpresstemporal.com\/wp-content\/uploads\/2015\/09\/1421389695038.jpg'><img width=\"225\" height=\"300\" src=\"http:\/\/aisimasc-cp506.wordpresstemporal.com\/wp-content\/uploads\/2015\/09\/1421389695038-225x300.jpg\" class=\"attachment-medium size-medium\" alt=\"\" decoding=\"async\" loading=\"lazy\" aria-describedby=\"gallery-3-184\" srcset=\"http:\/\/aisimasc-cp506.wordpresstemporal.com\/wp-content\/uploads\/2015\/09\/1421389695038-225x300.jpg 225w, http:\/\/aisimasc-cp506.wordpresstemporal.com\/wp-content\/uploads\/2015\/09\/1421389695038.jpg 450w\" sizes=\"(max-width: 225px) 100vw, 225px\" \/><\/a>\n\t\t\t<\/dt>\n\t\t\t\t<dd class='wp-caption-text gallery-caption' id='gallery-3-184'>\n\t\t\t\tEntramado de acero con vidrio retroiluminados que enmarcan la cocina\n\t\t\t\t<\/dd><\/dl><dl class='gallery-item'>\n\t\t\t<dt class='gallery-icon portrait'>\n\t\t\t\t<a href='http:\/\/aisimasc-cp506.wordpresstemporal.com\/wp-content\/uploads\/2015\/09\/6901389695017.jpg'><img width=\"225\" height=\"300\" src=\"http:\/\/aisimasc-cp506.wordpresstemporal.com\/wp-content\/uploads\/2015\/09\/6901389695017-225x300.jpg\" class=\"attachment-medium size-medium\" alt=\"\" decoding=\"async\" loading=\"lazy\" aria-describedby=\"gallery-3-183\" srcset=\"http:\/\/aisimasc-cp506.wordpresstemporal.com\/wp-content\/uploads\/2015\/09\/6901389695017-225x300.jpg 225w, http:\/\/aisimasc-cp506.wordpresstemporal.com\/wp-content\/uploads\/2015\/09\/6901389695017.jpg 450w\" sizes=\"(max-width: 225px) 100vw, 225px\" \/><\/a>\n\t\t\t<\/dt>\n\t\t\t\t<dd class='wp-caption-text gallery-caption' id='gallery-3-183'>\n\t\t\t\tDetalle del entramado y conjunto de puertas fabricadas en aluminio\n\t\t\t\t<\/dd><\/dl><dl class='gallery-item'>\n\t\t\t<dt class='gallery-icon portrait'>\n\t\t\t\t<a href='http:\/\/aisimasc-cp506.wordpresstemporal.com\/wp-content\/uploads\/2015\/09\/1921389694964.jpg'><img width=\"225\" height=\"300\" src=\"http:\/\/aisimasc-cp506.wordpresstemporal.com\/wp-content\/uploads\/2015\/09\/1921389694964-225x300.jpg\" class=\"attachment-medium size-medium\" alt=\"\" decoding=\"async\" loading=\"lazy\" aria-describedby=\"gallery-3-179\" srcset=\"http:\/\/aisimasc-cp506.wordpresstemporal.com\/wp-content\/uploads\/2015\/09\/1921389694964-225x300.jpg 225w, http:\/\/aisimasc-cp506.wordpresstemporal.com\/wp-content\/uploads\/2015\/09\/1921389694964.jpg 450w\" sizes=\"(max-width: 225px) 100vw, 225px\" \/><\/a>\n\t\t\t<\/dt>\n\t\t\t\t<dd class='wp-caption-text gallery-caption' id='gallery-3-179'>\n\t\t\t\tDetalle de la campana extractora hecha a medida \n\t\t\t\t<\/dd><\/dl><br style=\"clear: both\" \/>\n\t\t<\/div>\n\n<\/div>\n","protected":false},"excerpt":{"rendered":"<p>COCINA DE LA REAL SOCIEDAD DE F\u00daTBOL &#8211; Donosti La cocina de La Real Sociedad, construida en 2011, ha sido renovada en 2013 a trav\u00e9s de Etxe-Lan, S.Coop. Aisi+ ha sido la encargada de realizar la zona de preparaciones y cocinado, que forma un \u00fanico conjunto en L, dando as\u00ed una unidad al espacio. Y [&hellip;]<\/p>\n","protected":false},"author":1,"featured_media":0,"parent":0,"menu_order":0,"comment_status":"closed","ping_status":"closed","template":"","meta":{"_et_pb_use_builder":"","_et_pb_old_content":""},"_links":{"self":[{"href":"http:\/\/aisimasc-cp506.wordpresstemporal.com\/index.php\/wp-json\/wp\/v2\/pages\/368"}],"collection":[{"href":"http:\/\/aisimasc-cp506.wordpresstemporal.com\/index.php\/wp-json\/wp\/v2\/pages"}],"about":[{"href":"http:\/\/aisimasc-cp506.wordpresstemporal.com\/index.php\/wp-json\/wp\/v2\/types\/page"}],"author":[{"embeddable":true,"href":"http:\/\/aisimasc-cp506.wordpresstemporal.com\/index.php\/wp-json\/wp\/v2\/users\/1"}],"replies":[{"embeddable":true,"href":"http:\/\/aisimasc-cp506.wordpresstemporal.com\/index.php\/wp-json\/wp\/v2\/comments?post=368"}],"version-history":[{"count":4,"href":"http:\/\/aisimasc-cp506.wordpresstemporal.com\/index.php\/wp-json\/wp\/v2\/pages\/368\/revisions"}],"predecessor-version":[{"id":459,"href":"http:\/\/aisimasc-cp506.wordpresstemporal.com\/index.php\/wp-json\/wp\/v2\/pages\/368\/revisions\/459"}],"wp:attachment":[{"href":"http:\/\/aisimasc-cp506.wordpresstemporal.com\/index.php\/wp-json\/wp\/v2\/media?parent=368"}],"curies":[{"name":"wp","href":"https:\/\/api.w.org\/{rel}","templated":true}]}}