{"id":369,"date":"2015-09-21T12:53:00","date_gmt":"2015-09-21T12:53:00","guid":{"rendered":"http:\/\/www.maquinaria-para-la-madera.com\/aisimas\/?page_id=186"},"modified":"2016-04-18T11:46:54","modified_gmt":"2016-04-18T11:46:54","slug":"escaleras-2","status":"publish","type":"page","link":"http:\/\/aisimasc-cp506.wordpresstemporal.com\/index.php\/escaleras-2\/","title":{"rendered":"ESCALERAS"},"content":{"rendered":"<h2 class=\"tituloBloque\">ESCALERA DE CARACOL- Donosti<\/h2>\n<hr \/>\n<h2 class=\"tituloBloque\"><\/h2>\n<div class=\"textoBloque\">\n<p align=\"justify\">Situada en Fontaner\u00eda Merino, se trata de una <strong>escalera de caracol<\/strong> realizada en <strong>acero inoxidable<\/strong> en su totalidad.<br \/>\n\u00c9sta est\u00e1 formada por m\u00f3dulos que contienen los pelda\u00f1os y que se van superponiendo hasta formar la <strong>escalera completa.<\/strong><\/p>\n\n\t\t<style type=\"text\/css\">\n\t\t\t#gallery-1 {\n\t\t\t\tmargin: auto;\n\t\t\t}\n\t\t\t#gallery-1 .gallery-item {\n\t\t\t\tfloat: left;\n\t\t\t\tmargin-top: 10px;\n\t\t\t\ttext-align: center;\n\t\t\t\twidth: 50%;\n\t\t\t}\n\t\t\t#gallery-1 img {\n\t\t\t\tborder: 2px solid #cfcfcf;\n\t\t\t}\n\t\t\t#gallery-1 .gallery-caption {\n\t\t\t\tmargin-left: 0;\n\t\t\t}\n\t\t\t\/* see gallery_shortcode() in wp-includes\/media.php *\/\n\t\t<\/style>\n\t\t<div id='gallery-1' class='gallery galleryid-369 gallery-columns-2 gallery-size-medium'><dl class='gallery-item'>\n\t\t\t<dt class='gallery-icon portrait'>\n\t\t\t\t<a href='http:\/\/aisimasc-cp506.wordpresstemporal.com\/wp-content\/uploads\/2015\/09\/IMG-ESCALERA-DE-CARACOL952.jpg'><img width=\"195\" height=\"300\" src=\"http:\/\/aisimasc-cp506.wordpresstemporal.com\/wp-content\/uploads\/2015\/09\/IMG-ESCALERA-DE-CARACOL952-195x300.jpg\" class=\"attachment-medium size-medium\" alt=\"\" decoding=\"async\" loading=\"lazy\" aria-describedby=\"gallery-1-188\" srcset=\"http:\/\/aisimasc-cp506.wordpresstemporal.com\/wp-content\/uploads\/2015\/09\/IMG-ESCALERA-DE-CARACOL952-195x300.jpg 195w, http:\/\/aisimasc-cp506.wordpresstemporal.com\/wp-content\/uploads\/2015\/09\/IMG-ESCALERA-DE-CARACOL952.jpg 349w\" sizes=\"(max-width: 195px) 100vw, 195px\" \/><\/a>\n\t\t\t<\/dt>\n\t\t\t\t<dd class='wp-caption-text gallery-caption' id='gallery-1-188'>\n\t\t\t\tEscalera con soporte vertical y pelda\u00f1os en vuelo, en acero inoxidable\n\t\t\t\t<\/dd><\/dl><dl class='gallery-item'>\n\t\t\t<dt class='gallery-icon landscape'>\n\t\t\t\t<a href='http:\/\/aisimasc-cp506.wordpresstemporal.com\/wp-content\/uploads\/2015\/09\/2012-09-07-16138428125-1.jpg'><img width=\"300\" height=\"225\" src=\"http:\/\/aisimasc-cp506.wordpresstemporal.com\/wp-content\/uploads\/2015\/09\/2012-09-07-16138428125-1-300x225.jpg\" class=\"attachment-medium size-medium\" alt=\"\" decoding=\"async\" loading=\"lazy\" aria-describedby=\"gallery-1-187\" srcset=\"http:\/\/aisimasc-cp506.wordpresstemporal.com\/wp-content\/uploads\/2015\/09\/2012-09-07-16138428125-1-300x225.jpg 300w, http:\/\/aisimasc-cp506.wordpresstemporal.com\/wp-content\/uploads\/2015\/09\/2012-09-07-16138428125-1.jpg 800w\" sizes=\"(max-width: 300px) 100vw, 300px\" \/><\/a>\n\t\t\t<\/dt>\n\t\t\t\t<dd class='wp-caption-text gallery-caption' id='gallery-1-187'>\n\t\t\t\tDetalle de la barandilla en el piso superior\n\t\t\t\t<\/dd><\/dl><br style=\"clear: both\" \/>\n\t\t<\/div>\n\n<\/div>\n<h2 class=\"tituloBloque\">ESCALERA DE ACERO- Zurbano<\/h2>\n<hr \/>\n<h2 class=\"tituloBloque\"><\/h2>\n<div class=\"textoBloque\">\n<p align=\"justify\">Se trata de una escalera de dos tramos con 2 pisos de altura. La escalera est\u00e1 formada por una estructura en perfiles de acero inoxidable con acabado en brillo y escalones de madera.<br \/>\nLos perfiles recogen la barandilla de vidrio, con lo que se logra dar una sensaci\u00f3n de ligereza a la escalera.<\/p>\n<\/div>\n\n\t\t<style type=\"text\/css\">\n\t\t\t#gallery-2 {\n\t\t\t\tmargin: auto;\n\t\t\t}\n\t\t\t#gallery-2 .gallery-item {\n\t\t\t\tfloat: left;\n\t\t\t\tmargin-top: 10px;\n\t\t\t\ttext-align: center;\n\t\t\t\twidth: 33%;\n\t\t\t}\n\t\t\t#gallery-2 img {\n\t\t\t\tborder: 2px solid #cfcfcf;\n\t\t\t}\n\t\t\t#gallery-2 .gallery-caption {\n\t\t\t\tmargin-left: 0;\n\t\t\t}\n\t\t\t\/* see gallery_shortcode() in wp-includes\/media.php *\/\n\t\t<\/style>\n\t\t<div id='gallery-2' class='gallery galleryid-369 gallery-columns-3 gallery-size-medium'><dl class='gallery-item'>\n\t\t\t<dt class='gallery-icon portrait'>\n\t\t\t\t<a href='http:\/\/aisimasc-cp506.wordpresstemporal.com\/wp-content\/uploads\/2015\/09\/escalera-zur.jpg'><img width=\"214\" height=\"300\" src=\"http:\/\/aisimasc-cp506.wordpresstemporal.com\/wp-content\/uploads\/2015\/09\/escalera-zur-214x300.jpg\" class=\"attachment-medium size-medium\" alt=\"\" decoding=\"async\" loading=\"lazy\" aria-describedby=\"gallery-2-191\" srcset=\"http:\/\/aisimasc-cp506.wordpresstemporal.com\/wp-content\/uploads\/2015\/09\/escalera-zur-214x300.jpg 214w, http:\/\/aisimasc-cp506.wordpresstemporal.com\/wp-content\/uploads\/2015\/09\/escalera-zur.jpg 428w\" sizes=\"(max-width: 214px) 100vw, 214px\" \/><\/a>\n\t\t\t<\/dt>\n\t\t\t\t<dd class='wp-caption-text gallery-caption' id='gallery-2-191'>\n\t\t\t\tLa escalera se sit\u00faa bajo un lucernario, tambi\u00e9n fabricado por Aisi+\n\t\t\t\t<\/dd><\/dl><dl class='gallery-item'>\n\t\t\t<dt class='gallery-icon portrait'>\n\t\t\t\t<a href='http:\/\/aisimasc-cp506.wordpresstemporal.com\/wp-content\/uploads\/2015\/09\/20131213-3.jpg'><img width=\"167\" height=\"300\" src=\"http:\/\/aisimasc-cp506.wordpresstemporal.com\/wp-content\/uploads\/2015\/09\/20131213-3-167x300.jpg\" class=\"attachment-medium size-medium\" alt=\"\" decoding=\"async\" loading=\"lazy\" aria-describedby=\"gallery-2-189\" srcset=\"http:\/\/aisimasc-cp506.wordpresstemporal.com\/wp-content\/uploads\/2015\/09\/20131213-3-167x300.jpg 167w, http:\/\/aisimasc-cp506.wordpresstemporal.com\/wp-content\/uploads\/2015\/09\/20131213-3.jpg 418w\" sizes=\"(max-width: 167px) 100vw, 167px\" \/><\/a>\n\t\t\t<\/dt>\n\t\t\t\t<dd class='wp-caption-text gallery-caption' id='gallery-2-189'>\n\t\t\t\tVista superior del conjunto de escalera\n\t\t\t\t<\/dd><\/dl><dl class='gallery-item'>\n\t\t\t<dt class='gallery-icon portrait'>\n\t\t\t\t<a href='http:\/\/aisimasc-cp506.wordpresstemporal.com\/wp-content\/uploads\/2015\/09\/436138609577.jpg'><img width=\"225\" height=\"300\" src=\"http:\/\/aisimasc-cp506.wordpresstemporal.com\/wp-content\/uploads\/2015\/09\/436138609577-225x300.jpg\" class=\"attachment-medium size-medium\" alt=\"\" decoding=\"async\" loading=\"lazy\" aria-describedby=\"gallery-2-190\" srcset=\"http:\/\/aisimasc-cp506.wordpresstemporal.com\/wp-content\/uploads\/2015\/09\/436138609577-225x300.jpg 225w, http:\/\/aisimasc-cp506.wordpresstemporal.com\/wp-content\/uploads\/2015\/09\/436138609577.jpg 450w\" sizes=\"(max-width: 225px) 100vw, 225px\" \/><\/a>\n\t\t\t<\/dt>\n\t\t\t\t<dd class='wp-caption-text gallery-caption' id='gallery-2-190'>\n\t\t\t\tDetalle de encuentros de diferentes elementos en la escalera\n\t\t\t\t<\/dd><\/dl><br style=\"clear: both\" \/><dl class='gallery-item'>\n\t\t\t<dt class='gallery-icon landscape'>\n\t\t\t\t<a href='http:\/\/aisimasc-cp506.wordpresstemporal.com\/wp-content\/uploads\/2015\/09\/20131213_154.jpg'><img width=\"300\" height=\"167\" src=\"http:\/\/aisimasc-cp506.wordpresstemporal.com\/wp-content\/uploads\/2015\/09\/20131213_154-300x167.jpg\" class=\"attachment-medium size-medium\" alt=\"\" decoding=\"async\" loading=\"lazy\" aria-describedby=\"gallery-2-193\" srcset=\"http:\/\/aisimasc-cp506.wordpresstemporal.com\/wp-content\/uploads\/2015\/09\/20131213_154-300x167.jpg 300w, http:\/\/aisimasc-cp506.wordpresstemporal.com\/wp-content\/uploads\/2015\/09\/20131213_154.jpg 1000w\" sizes=\"(max-width: 300px) 100vw, 300px\" \/><\/a>\n\t\t\t<\/dt>\n\t\t\t\t<dd class='wp-caption-text gallery-caption' id='gallery-2-193'>\n\t\t\t\tDetalle de encuentros de diferentes elementos en la escalera\n\t\t\t\t<\/dd><\/dl><dl class='gallery-item'>\n\t\t\t<dt class='gallery-icon landscape'>\n\t\t\t\t<a href='http:\/\/aisimasc-cp506.wordpresstemporal.com\/wp-content\/uploads\/2015\/09\/ESCALERA-ZUR.jpg'><img width=\"300\" height=\"168\" src=\"http:\/\/aisimasc-cp506.wordpresstemporal.com\/wp-content\/uploads\/2015\/09\/ESCALERA-ZUR-300x168.jpg\" class=\"attachment-medium size-medium\" alt=\"\" decoding=\"async\" loading=\"lazy\" aria-describedby=\"gallery-2-192\" srcset=\"http:\/\/aisimasc-cp506.wordpresstemporal.com\/wp-content\/uploads\/2015\/09\/ESCALERA-ZUR-300x168.jpg 300w, http:\/\/aisimasc-cp506.wordpresstemporal.com\/wp-content\/uploads\/2015\/09\/ESCALERA-ZUR.jpg 800w\" sizes=\"(max-width: 300px) 100vw, 300px\" \/><\/a>\n\t\t\t<\/dt>\n\t\t\t\t<dd class='wp-caption-text gallery-caption' id='gallery-2-192'>\n\t\t\t\tDetalle de escalera\n\t\t\t\t<\/dd><\/dl>\n\t\t\t<br style='clear: both' \/>\n\t\t<\/div>\n\n<p>&nbsp;<\/p>\n<h2 class=\"tituloBloque\">ESCALERA- Logro\u00f1o<\/h2>\n<hr \/>\n<h2 class=\"tituloBloque\"><\/h2>\n<div class=\"textoBloque\">\n<p align=\"justify\">Dise\u00f1ada por Aisi+, esta escalera se encuentra en una vivienda en Santa Luc\u00eda de Oc\u00f3n.<br \/>\nEl espacio tiene un car\u00e1cter eclesi\u00e1stico para dar continuidad a las vistas que se tienen de la iglesia en el exterior, hacia el interior de la vivienda.<br \/>\nLa escalera tiene una estructura de hierro donde toda su torniller\u00eda queda oculta, la barandilla es de acero inoxidable y vidrio, y los pelda\u00f1os de roble parecen salir directamente de la pared, gracias al sistema ejecutado por Aisi+.<\/p>\n<\/div>\n\n\t\t<style type=\"text\/css\">\n\t\t\t#gallery-3 {\n\t\t\t\tmargin: auto;\n\t\t\t}\n\t\t\t#gallery-3 .gallery-item {\n\t\t\t\tfloat: left;\n\t\t\t\tmargin-top: 10px;\n\t\t\t\ttext-align: center;\n\t\t\t\twidth: 33%;\n\t\t\t}\n\t\t\t#gallery-3 img {\n\t\t\t\tborder: 2px solid #cfcfcf;\n\t\t\t}\n\t\t\t#gallery-3 .gallery-caption {\n\t\t\t\tmargin-left: 0;\n\t\t\t}\n\t\t\t\/* see gallery_shortcode() in wp-includes\/media.php *\/\n\t\t<\/style>\n\t\t<div id='gallery-3' class='gallery galleryid-369 gallery-columns-3 gallery-size-medium'><dl class='gallery-item'>\n\t\t\t<dt class='gallery-icon landscape'>\n\t\t\t\t<a href='http:\/\/aisimasc-cp506.wordpresstemporal.com\/wp-content\/uploads\/2015\/09\/pespelinea1385483800.jpg'><img width=\"300\" height=\"162\" src=\"http:\/\/aisimasc-cp506.wordpresstemporal.com\/wp-content\/uploads\/2015\/09\/pespelinea1385483800-300x162.jpg\" class=\"attachment-medium size-medium\" alt=\"\" decoding=\"async\" loading=\"lazy\" aria-describedby=\"gallery-3-197\" srcset=\"http:\/\/aisimasc-cp506.wordpresstemporal.com\/wp-content\/uploads\/2015\/09\/pespelinea1385483800-300x162.jpg 300w, http:\/\/aisimasc-cp506.wordpresstemporal.com\/wp-content\/uploads\/2015\/09\/pespelinea1385483800.jpg 800w\" sizes=\"(max-width: 300px) 100vw, 300px\" \/><\/a>\n\t\t\t<\/dt>\n\t\t\t\t<dd class='wp-caption-text gallery-caption' id='gallery-3-197'>\n\t\t\t\tPropuestas de dise\u00f1o de Aisi+\n\t\t\t\t<\/dd><\/dl><dl class='gallery-item'>\n\t\t\t<dt class='gallery-icon portrait'>\n\t\t\t\t<a href='http:\/\/aisimasc-cp506.wordpresstemporal.com\/wp-content\/uploads\/2015\/09\/1.jpg'><img width=\"225\" height=\"300\" src=\"http:\/\/aisimasc-cp506.wordpresstemporal.com\/wp-content\/uploads\/2015\/09\/1-225x300.jpg\" class=\"attachment-medium size-medium\" alt=\"\" decoding=\"async\" loading=\"lazy\" aria-describedby=\"gallery-3-199\" srcset=\"http:\/\/aisimasc-cp506.wordpresstemporal.com\/wp-content\/uploads\/2015\/09\/1-225x300.jpg 225w, http:\/\/aisimasc-cp506.wordpresstemporal.com\/wp-content\/uploads\/2015\/09\/1.jpg 450w\" sizes=\"(max-width: 225px) 100vw, 225px\" \/><\/a>\n\t\t\t<\/dt>\n\t\t\t\t<dd class='wp-caption-text gallery-caption' id='gallery-3-199'>\n\t\t\t\tVista frontal\n\t\t\t\t<\/dd><\/dl><dl class='gallery-item'>\n\t\t\t<dt class='gallery-icon portrait'>\n\t\t\t\t<a href='http:\/\/aisimasc-cp506.wordpresstemporal.com\/wp-content\/uploads\/2015\/09\/2.jpg'><img width=\"225\" height=\"300\" src=\"http:\/\/aisimasc-cp506.wordpresstemporal.com\/wp-content\/uploads\/2015\/09\/2-225x300.jpg\" class=\"attachment-medium size-medium\" alt=\"\" decoding=\"async\" loading=\"lazy\" aria-describedby=\"gallery-3-198\" srcset=\"http:\/\/aisimasc-cp506.wordpresstemporal.com\/wp-content\/uploads\/2015\/09\/2-225x300.jpg 225w, http:\/\/aisimasc-cp506.wordpresstemporal.com\/wp-content\/uploads\/2015\/09\/2.jpg 450w\" sizes=\"(max-width: 225px) 100vw, 225px\" \/><\/a>\n\t\t\t<\/dt>\n\t\t\t\t<dd class='wp-caption-text gallery-caption' id='gallery-3-198'>\n\t\t\t\tVista superior\n\t\t\t\t<\/dd><\/dl><br style=\"clear: both\" \/><dl class='gallery-item'>\n\t\t\t<dt class='gallery-icon landscape'>\n\t\t\t\t<a href='http:\/\/aisimasc-cp506.wordpresstemporal.com\/wp-content\/uploads\/2015\/09\/8931385975743.jpg'><img width=\"300\" height=\"225\" src=\"http:\/\/aisimasc-cp506.wordpresstemporal.com\/wp-content\/uploads\/2015\/09\/8931385975743-300x225.jpg\" class=\"attachment-medium size-medium\" alt=\"\" decoding=\"async\" loading=\"lazy\" aria-describedby=\"gallery-3-196\" srcset=\"http:\/\/aisimasc-cp506.wordpresstemporal.com\/wp-content\/uploads\/2015\/09\/8931385975743-300x225.jpg 300w, http:\/\/aisimasc-cp506.wordpresstemporal.com\/wp-content\/uploads\/2015\/09\/8931385975743.jpg 800w\" sizes=\"(max-width: 300px) 100vw, 300px\" \/><\/a>\n\t\t\t<\/dt>\n\t\t\t\t<dd class='wp-caption-text gallery-caption' id='gallery-3-196'>\n\t\t\t\tDetalle de encuentro de pelda\u00f1os con la pared y de estructura del rellano\n\t\t\t\t<\/dd><\/dl><dl class='gallery-item'>\n\t\t\t<dt class='gallery-icon portrait'>\n\t\t\t\t<a href='http:\/\/aisimasc-cp506.wordpresstemporal.com\/wp-content\/uploads\/2015\/09\/3.jpg'><img width=\"225\" height=\"300\" src=\"http:\/\/aisimasc-cp506.wordpresstemporal.com\/wp-content\/uploads\/2015\/09\/3-225x300.jpg\" class=\"attachment-medium size-medium\" alt=\"\" decoding=\"async\" loading=\"lazy\" aria-describedby=\"gallery-3-194\" srcset=\"http:\/\/aisimasc-cp506.wordpresstemporal.com\/wp-content\/uploads\/2015\/09\/3-225x300.jpg 225w, http:\/\/aisimasc-cp506.wordpresstemporal.com\/wp-content\/uploads\/2015\/09\/3.jpg 450w\" sizes=\"(max-width: 225px) 100vw, 225px\" \/><\/a>\n\t\t\t<\/dt>\n\t\t\t\t<dd class='wp-caption-text gallery-caption' id='gallery-3-194'>\n\t\t\t\tDetalle del rellano\n\t\t\t\t<\/dd><\/dl><dl class='gallery-item'>\n\t\t\t<dt class='gallery-icon portrait'>\n\t\t\t\t<a href='http:\/\/aisimasc-cp506.wordpresstemporal.com\/wp-content\/uploads\/2015\/09\/5.jpg'><img width=\"225\" height=\"300\" src=\"http:\/\/aisimasc-cp506.wordpresstemporal.com\/wp-content\/uploads\/2015\/09\/5-225x300.jpg\" class=\"attachment-medium size-medium\" alt=\"\" decoding=\"async\" loading=\"lazy\" aria-describedby=\"gallery-3-195\" srcset=\"http:\/\/aisimasc-cp506.wordpresstemporal.com\/wp-content\/uploads\/2015\/09\/5-225x300.jpg 225w, http:\/\/aisimasc-cp506.wordpresstemporal.com\/wp-content\/uploads\/2015\/09\/5.jpg 450w\" sizes=\"(max-width: 225px) 100vw, 225px\" \/><\/a>\n\t\t\t<\/dt>\n\t\t\t\t<dd class='wp-caption-text gallery-caption' id='gallery-3-195'>\n\t\t\t\tDetalle de barandilla de acero y vidrio\n\t\t\t\t<\/dd><\/dl><br style=\"clear: both\" \/>\n\t\t<\/div>\n\n<h2 class=\"tituloBloque\">ESCALERA EN HIERRO-\u00a0Biarritz<\/h2>\n<hr \/>\n<h2 class=\"tituloBloque\"><\/h2>\n<div class=\"textoBloque\">\n<p align=\"justify\">Se trata de una escalera en hierro lacado dise\u00f1ada por Aisi+. Cuenta con perforaciones a lo largo de todo su\u00a0desarrollo proporcionando as\u00ed\u00a0textura y movimiento a la escalera.<br \/>\nEl pasamanos, de inspiraci\u00f3n marinera, est\u00e1 integrado en la estructura de la escalera.<\/p>\n\n\t\t<style type=\"text\/css\">\n\t\t\t#gallery-4 {\n\t\t\t\tmargin: auto;\n\t\t\t}\n\t\t\t#gallery-4 .gallery-item {\n\t\t\t\tfloat: left;\n\t\t\t\tmargin-top: 10px;\n\t\t\t\ttext-align: center;\n\t\t\t\twidth: 33%;\n\t\t\t}\n\t\t\t#gallery-4 img {\n\t\t\t\tborder: 2px solid #cfcfcf;\n\t\t\t}\n\t\t\t#gallery-4 .gallery-caption {\n\t\t\t\tmargin-left: 0;\n\t\t\t}\n\t\t\t\/* see gallery_shortcode() in wp-includes\/media.php *\/\n\t\t<\/style>\n\t\t<div id='gallery-4' class='gallery galleryid-369 gallery-columns-3 gallery-size-medium'><dl class='gallery-item'>\n\t\t\t<dt class='gallery-icon portrait'>\n\t\t\t\t<a href='http:\/\/aisimasc-cp506.wordpresstemporal.com\/wp-content\/uploads\/2015\/09\/BIARRITZ1.jpg'><img width=\"225\" height=\"300\" src=\"http:\/\/aisimasc-cp506.wordpresstemporal.com\/wp-content\/uploads\/2015\/09\/BIARRITZ1-225x300.jpg\" class=\"attachment-medium size-medium\" alt=\"\" decoding=\"async\" loading=\"lazy\" aria-describedby=\"gallery-4-501\" srcset=\"http:\/\/aisimasc-cp506.wordpresstemporal.com\/wp-content\/uploads\/2015\/09\/BIARRITZ1-225x300.jpg 225w, http:\/\/aisimasc-cp506.wordpresstemporal.com\/wp-content\/uploads\/2015\/09\/BIARRITZ1-768x1024.jpg 768w, http:\/\/aisimasc-cp506.wordpresstemporal.com\/wp-content\/uploads\/2015\/09\/BIARRITZ1-1080x1440.jpg 1080w, http:\/\/aisimasc-cp506.wordpresstemporal.com\/wp-content\/uploads\/2015\/09\/BIARRITZ1.jpg 1536w\" sizes=\"(max-width: 225px) 100vw, 225px\" \/><\/a>\n\t\t\t<\/dt>\n\t\t\t\t<dd class='wp-caption-text gallery-caption' id='gallery-4-501'>\n\t\t\t\tVista del conjunto de la escalera\n\t\t\t\t<\/dd><\/dl><dl class='gallery-item'>\n\t\t\t<dt class='gallery-icon portrait'>\n\t\t\t\t<a href='http:\/\/aisimasc-cp506.wordpresstemporal.com\/wp-content\/uploads\/2015\/09\/BIARRITZ3.jpg'><img width=\"178\" height=\"300\" src=\"http:\/\/aisimasc-cp506.wordpresstemporal.com\/wp-content\/uploads\/2015\/09\/BIARRITZ3-178x300.jpg\" class=\"attachment-medium size-medium\" alt=\"\" decoding=\"async\" loading=\"lazy\" aria-describedby=\"gallery-4-503\" srcset=\"http:\/\/aisimasc-cp506.wordpresstemporal.com\/wp-content\/uploads\/2015\/09\/BIARRITZ3-178x300.jpg 178w, http:\/\/aisimasc-cp506.wordpresstemporal.com\/wp-content\/uploads\/2015\/09\/BIARRITZ3-768x1292.jpg 768w, http:\/\/aisimasc-cp506.wordpresstemporal.com\/wp-content\/uploads\/2015\/09\/BIARRITZ3-609x1024.jpg 609w, http:\/\/aisimasc-cp506.wordpresstemporal.com\/wp-content\/uploads\/2015\/09\/BIARRITZ3-1080x1817.jpg 1080w, http:\/\/aisimasc-cp506.wordpresstemporal.com\/wp-content\/uploads\/2015\/09\/BIARRITZ3.jpg 1217w\" sizes=\"(max-width: 178px) 100vw, 178px\" \/><\/a>\n\t\t\t<\/dt>\n\t\t\t\t<dd class='wp-caption-text gallery-caption' id='gallery-4-503'>\n\t\t\t\tDetalle de la sujeci\u00f3n del cableado a la barandilla\n\t\t\t\t<\/dd><\/dl><dl class='gallery-item'>\n\t\t\t<dt class='gallery-icon landscape'>\n\t\t\t\t<a href='http:\/\/aisimasc-cp506.wordpresstemporal.com\/wp-content\/uploads\/2015\/09\/BIARRITZ2.jpg'><img width=\"300\" height=\"225\" src=\"http:\/\/aisimasc-cp506.wordpresstemporal.com\/wp-content\/uploads\/2015\/09\/BIARRITZ2-300x225.jpg\" class=\"attachment-medium size-medium\" alt=\"\" decoding=\"async\" loading=\"lazy\" aria-describedby=\"gallery-4-502\" srcset=\"http:\/\/aisimasc-cp506.wordpresstemporal.com\/wp-content\/uploads\/2015\/09\/BIARRITZ2-300x225.jpg 300w, http:\/\/aisimasc-cp506.wordpresstemporal.com\/wp-content\/uploads\/2015\/09\/BIARRITZ2-768x576.jpg 768w, http:\/\/aisimasc-cp506.wordpresstemporal.com\/wp-content\/uploads\/2015\/09\/BIARRITZ2-1024x768.jpg 1024w, http:\/\/aisimasc-cp506.wordpresstemporal.com\/wp-content\/uploads\/2015\/09\/BIARRITZ2-1080x810.jpg 1080w, http:\/\/aisimasc-cp506.wordpresstemporal.com\/wp-content\/uploads\/2015\/09\/BIARRITZ2.jpg 2048w\" sizes=\"(max-width: 300px) 100vw, 300px\" \/><\/a>\n\t\t\t<\/dt>\n\t\t\t\t<dd class='wp-caption-text gallery-caption' id='gallery-4-502'>\n\t\t\t\tBarandilla realizada en hierro y pasamanos de acero inoxidable\n\t\t\t\t<\/dd><\/dl><br style=\"clear: both\" \/>\n\t\t<\/div>\n\n<\/div>\n<h2 class=\"tituloBloque\"><\/h2>\n<h2 class=\"tituloBloque\">ESCALERA DE CARACOL- Donosti<\/h2>\n<hr \/>\n<h2 class=\"tituloBloque\"><\/h2>\n<div class=\"textoBloque\">\n<p align=\"justify\">Es una <strong>escalera de caracol <\/strong>realizada en hierro lacado\u00a0que se encuentra en\u00a0Styl Boutique, tienda dise\u00f1ada por Estudio Hamalau.<br \/>\nLa escalera se integra perfectamente con el pasamanos y el cerramiento superior,\u00a0realizado tambi\u00e9n por Aisi+ en hierro perforado y lacado.<\/p>\n\n\t\t<style type=\"text\/css\">\n\t\t\t#gallery-5 {\n\t\t\t\tmargin: auto;\n\t\t\t}\n\t\t\t#gallery-5 .gallery-item {\n\t\t\t\tfloat: left;\n\t\t\t\tmargin-top: 10px;\n\t\t\t\ttext-align: center;\n\t\t\t\twidth: 33%;\n\t\t\t}\n\t\t\t#gallery-5 img {\n\t\t\t\tborder: 2px solid #cfcfcf;\n\t\t\t}\n\t\t\t#gallery-5 .gallery-caption {\n\t\t\t\tmargin-left: 0;\n\t\t\t}\n\t\t\t\/* see gallery_shortcode() in wp-includes\/media.php *\/\n\t\t<\/style>\n\t\t<div id='gallery-5' class='gallery galleryid-369 gallery-columns-3 gallery-size-medium'><dl class='gallery-item'>\n\t\t\t<dt class='gallery-icon landscape'>\n\t\t\t\t<a href='http:\/\/aisimasc-cp506.wordpresstemporal.com\/wp-content\/uploads\/2015\/09\/FOTO1-2.jpg'><img width=\"300\" height=\"199\" src=\"http:\/\/aisimasc-cp506.wordpresstemporal.com\/wp-content\/uploads\/2015\/09\/FOTO1-2-300x199.jpg\" class=\"attachment-medium size-medium\" alt=\"\" decoding=\"async\" loading=\"lazy\" aria-describedby=\"gallery-5-511\" srcset=\"http:\/\/aisimasc-cp506.wordpresstemporal.com\/wp-content\/uploads\/2015\/09\/FOTO1-2-300x199.jpg 300w, http:\/\/aisimasc-cp506.wordpresstemporal.com\/wp-content\/uploads\/2015\/09\/FOTO1-2-768x510.jpg 768w, http:\/\/aisimasc-cp506.wordpresstemporal.com\/wp-content\/uploads\/2015\/09\/FOTO1-2-1024x681.jpg 1024w, http:\/\/aisimasc-cp506.wordpresstemporal.com\/wp-content\/uploads\/2015\/09\/FOTO1-2-1080x718.jpg 1080w, http:\/\/aisimasc-cp506.wordpresstemporal.com\/wp-content\/uploads\/2015\/09\/FOTO1-2.jpg 1500w\" sizes=\"(max-width: 300px) 100vw, 300px\" \/><\/a>\n\t\t\t<\/dt>\n\t\t\t\t<dd class='wp-caption-text gallery-caption' id='gallery-5-511'>\n\t\t\t\tImagen conjunto de la tienda\n\t\t\t\t<\/dd><\/dl><dl class='gallery-item'>\n\t\t\t<dt class='gallery-icon landscape'>\n\t\t\t\t<a href='http:\/\/aisimasc-cp506.wordpresstemporal.com\/wp-content\/uploads\/2015\/09\/FOTO2-1.jpg'><img width=\"300\" height=\"195\" src=\"http:\/\/aisimasc-cp506.wordpresstemporal.com\/wp-content\/uploads\/2015\/09\/FOTO2-1-300x195.jpg\" class=\"attachment-medium size-medium\" alt=\"\" decoding=\"async\" loading=\"lazy\" aria-describedby=\"gallery-5-512\" srcset=\"http:\/\/aisimasc-cp506.wordpresstemporal.com\/wp-content\/uploads\/2015\/09\/FOTO2-1-300x195.jpg 300w, http:\/\/aisimasc-cp506.wordpresstemporal.com\/wp-content\/uploads\/2015\/09\/FOTO2-1-768x498.jpg 768w, http:\/\/aisimasc-cp506.wordpresstemporal.com\/wp-content\/uploads\/2015\/09\/FOTO2-1-1024x664.jpg 1024w, http:\/\/aisimasc-cp506.wordpresstemporal.com\/wp-content\/uploads\/2015\/09\/FOTO2-1-1080x701.jpg 1080w, http:\/\/aisimasc-cp506.wordpresstemporal.com\/wp-content\/uploads\/2015\/09\/FOTO2-1.jpg 1500w\" sizes=\"(max-width: 300px) 100vw, 300px\" \/><\/a>\n\t\t\t<\/dt>\n\t\t\t\t<dd class='wp-caption-text gallery-caption' id='gallery-5-512'>\n\t\t\t\tVista superior de la escalera\n\t\t\t\t<\/dd><\/dl><dl class='gallery-item'>\n\t\t\t<dt class='gallery-icon portrait'>\n\t\t\t\t<a href='http:\/\/aisimasc-cp506.wordpresstemporal.com\/wp-content\/uploads\/2015\/09\/FOTO3.jpg'><img width=\"199\" height=\"300\" src=\"http:\/\/aisimasc-cp506.wordpresstemporal.com\/wp-content\/uploads\/2015\/09\/FOTO3-199x300.jpg\" class=\"attachment-medium size-medium\" alt=\"\" decoding=\"async\" loading=\"lazy\" aria-describedby=\"gallery-5-513\" srcset=\"http:\/\/aisimasc-cp506.wordpresstemporal.com\/wp-content\/uploads\/2015\/09\/FOTO3-199x300.jpg 199w, http:\/\/aisimasc-cp506.wordpresstemporal.com\/wp-content\/uploads\/2015\/09\/FOTO3-768x1156.jpg 768w, http:\/\/aisimasc-cp506.wordpresstemporal.com\/wp-content\/uploads\/2015\/09\/FOTO3-680x1024.jpg 680w, http:\/\/aisimasc-cp506.wordpresstemporal.com\/wp-content\/uploads\/2015\/09\/FOTO3-1080x1626.jpg 1080w, http:\/\/aisimasc-cp506.wordpresstemporal.com\/wp-content\/uploads\/2015\/09\/FOTO3.jpg 1250w\" sizes=\"(max-width: 199px) 100vw, 199px\" \/><\/a>\n\t\t\t<\/dt>\n\t\t\t\t<dd class='wp-caption-text gallery-caption' id='gallery-5-513'>\n\t\t\t\tVista de la escalera y del cerramiento superior en chapa perforada\n\t\t\t\t<\/dd><\/dl><br style=\"clear: both\" \/>\n\t\t<\/div>\n\n<\/div>\n","protected":false},"excerpt":{"rendered":"<p>ESCALERA DE CARACOL- Donosti Situada en Fontaner\u00eda Merino, se trata de una escalera de caracol realizada en acero inoxidable en su totalidad. \u00c9sta est\u00e1 formada por m\u00f3dulos que contienen los pelda\u00f1os y que se van superponiendo hasta formar la escalera completa. ESCALERA DE ACERO- Zurbano Se trata de una escalera de dos tramos con 2 [&hellip;]<\/p>\n","protected":false},"author":1,"featured_media":0,"parent":0,"menu_order":0,"comment_status":"closed","ping_status":"closed","template":"","meta":{"_et_pb_use_builder":"","_et_pb_old_content":""},"_links":{"self":[{"href":"http:\/\/aisimasc-cp506.wordpresstemporal.com\/index.php\/wp-json\/wp\/v2\/pages\/369"}],"collection":[{"href":"http:\/\/aisimasc-cp506.wordpresstemporal.com\/index.php\/wp-json\/wp\/v2\/pages"}],"about":[{"href":"http:\/\/aisimasc-cp506.wordpresstemporal.com\/index.php\/wp-json\/wp\/v2\/types\/page"}],"author":[{"embeddable":true,"href":"http:\/\/aisimasc-cp506.wordpresstemporal.com\/index.php\/wp-json\/wp\/v2\/users\/1"}],"replies":[{"embeddable":true,"href":"http:\/\/aisimasc-cp506.wordpresstemporal.com\/index.php\/wp-json\/wp\/v2\/comments?post=369"}],"version-history":[{"count":8,"href":"http:\/\/aisimasc-cp506.wordpresstemporal.com\/index.php\/wp-json\/wp\/v2\/pages\/369\/revisions"}],"predecessor-version":[{"id":514,"href":"http:\/\/aisimasc-cp506.wordpresstemporal.com\/index.php\/wp-json\/wp\/v2\/pages\/369\/revisions\/514"}],"wp:attachment":[{"href":"http:\/\/aisimasc-cp506.wordpresstemporal.com\/index.php\/wp-json\/wp\/v2\/media?parent=369"}],"curies":[{"name":"wp","href":"https:\/\/api.w.org\/{rel}","templated":true}]}}