{"id":370,"date":"2015-09-21T14:55:03","date_gmt":"2015-09-21T14:55:03","guid":{"rendered":"http:\/\/www.maquinaria-para-la-madera.com\/aisimas\/?page_id=201"},"modified":"2016-01-21T14:37:22","modified_gmt":"2016-01-21T14:37:22","slug":"escaparates-2","status":"publish","type":"page","link":"http:\/\/aisimasc-cp506.wordpresstemporal.com\/index.php\/escaparates-2\/","title":{"rendered":"ESCAPARATES"},"content":{"rendered":"<h2 class=\"tituloBloque\">GALANA ESTILISTAS-Pamplona<\/h2>\n<hr \/>\n<h2 class=\"tituloBloque\"><\/h2>\n<div class=\"textoBloque\">\n<p align=\"justify\">Dise\u00f1ado en Aisi+, este sal\u00f3n de est\u00e9tica cuenta con marcos de escaparate y puerta de acero inoxidable.<br \/>\nLa fachada queda enmarcada por un friso en la parte superior, tambi\u00e9n en acero, que integra el logo del sal\u00f3n.<\/p>\n\n\t\t<style type=\"text\/css\">\n\t\t\t#gallery-1 {\n\t\t\t\tmargin: auto;\n\t\t\t}\n\t\t\t#gallery-1 .gallery-item {\n\t\t\t\tfloat: left;\n\t\t\t\tmargin-top: 10px;\n\t\t\t\ttext-align: center;\n\t\t\t\twidth: 33%;\n\t\t\t}\n\t\t\t#gallery-1 img {\n\t\t\t\tborder: 2px solid #cfcfcf;\n\t\t\t}\n\t\t\t#gallery-1 .gallery-caption {\n\t\t\t\tmargin-left: 0;\n\t\t\t}\n\t\t\t\/* see gallery_shortcode() in wp-includes\/media.php *\/\n\t\t<\/style>\n\t\t<div id='gallery-1' class='gallery galleryid-370 gallery-columns-3 gallery-size-medium'><dl class='gallery-item'>\n\t\t\t<dt class='gallery-icon landscape'>\n\t\t\t\t<a href='http:\/\/aisimasc-cp506.wordpresstemporal.com\/wp-content\/uploads\/2015\/09\/11.jpg'><img width=\"300\" height=\"225\" src=\"http:\/\/aisimasc-cp506.wordpresstemporal.com\/wp-content\/uploads\/2015\/09\/11-300x225.jpg\" class=\"attachment-medium size-medium\" alt=\"\" decoding=\"async\" loading=\"lazy\" aria-describedby=\"gallery-1-202\" srcset=\"http:\/\/aisimasc-cp506.wordpresstemporal.com\/wp-content\/uploads\/2015\/09\/11-300x225.jpg 300w, http:\/\/aisimasc-cp506.wordpresstemporal.com\/wp-content\/uploads\/2015\/09\/11.jpg 799w\" sizes=\"(max-width: 300px) 100vw, 300px\" \/><\/a>\n\t\t\t<\/dt>\n\t\t\t\t<dd class='wp-caption-text gallery-caption' id='gallery-1-202'>\n\t\t\t\tPropuesta dise\u00f1ada por Aisi+\n\t\t\t\t<\/dd><\/dl><dl class='gallery-item'>\n\t\t\t<dt class='gallery-icon landscape'>\n\t\t\t\t<a href='http:\/\/aisimasc-cp506.wordpresstemporal.com\/wp-content\/uploads\/2015\/09\/4.jpg'><img width=\"300\" height=\"225\" src=\"http:\/\/aisimasc-cp506.wordpresstemporal.com\/wp-content\/uploads\/2015\/09\/4-300x225.jpg\" class=\"attachment-medium size-medium\" alt=\"\" decoding=\"async\" loading=\"lazy\" aria-describedby=\"gallery-1-204\" srcset=\"http:\/\/aisimasc-cp506.wordpresstemporal.com\/wp-content\/uploads\/2015\/09\/4-300x225.jpg 300w, http:\/\/aisimasc-cp506.wordpresstemporal.com\/wp-content\/uploads\/2015\/09\/4.jpg 800w\" sizes=\"(max-width: 300px) 100vw, 300px\" \/><\/a>\n\t\t\t<\/dt>\n\t\t\t\t<dd class='wp-caption-text gallery-caption' id='gallery-1-204'>\n\t\t\t\tVista general del escaparate y detalle\n\t\t\t\t<\/dd><\/dl><dl class='gallery-item'>\n\t\t\t<dt class='gallery-icon landscape'>\n\t\t\t\t<a href='http:\/\/aisimasc-cp506.wordpresstemporal.com\/wp-content\/uploads\/2015\/09\/31.jpg'><img width=\"300\" height=\"225\" src=\"http:\/\/aisimasc-cp506.wordpresstemporal.com\/wp-content\/uploads\/2015\/09\/31-300x225.jpg\" class=\"attachment-medium size-medium\" alt=\"\" decoding=\"async\" loading=\"lazy\" aria-describedby=\"gallery-1-203\" srcset=\"http:\/\/aisimasc-cp506.wordpresstemporal.com\/wp-content\/uploads\/2015\/09\/31-300x225.jpg 300w, http:\/\/aisimasc-cp506.wordpresstemporal.com\/wp-content\/uploads\/2015\/09\/31.jpg 800w\" sizes=\"(max-width: 300px) 100vw, 300px\" \/><\/a>\n\t\t\t<\/dt>\n\t\t\t\t<dd class='wp-caption-text gallery-caption' id='gallery-1-203'>\n\t\t\t\tDetalle de acabados\n\t\t\t\t<\/dd><\/dl><br style=\"clear: both\" \/><dl class='gallery-item'>\n\t\t\t<dt class='gallery-icon landscape'>\n\t\t\t\t<a href='http:\/\/aisimasc-cp506.wordpresstemporal.com\/wp-content\/uploads\/2015\/09\/21.jpg'><img width=\"300\" height=\"225\" src=\"http:\/\/aisimasc-cp506.wordpresstemporal.com\/wp-content\/uploads\/2015\/09\/21-300x225.jpg\" class=\"attachment-medium size-medium\" alt=\"\" decoding=\"async\" loading=\"lazy\" aria-describedby=\"gallery-1-207\" srcset=\"http:\/\/aisimasc-cp506.wordpresstemporal.com\/wp-content\/uploads\/2015\/09\/21-300x225.jpg 300w, http:\/\/aisimasc-cp506.wordpresstemporal.com\/wp-content\/uploads\/2015\/09\/21.jpg 800w\" sizes=\"(max-width: 300px) 100vw, 300px\" \/><\/a>\n\t\t\t<\/dt>\n\t\t\t\t<dd class='wp-caption-text gallery-caption' id='gallery-1-207'>\n\t\t\t\tVista general del friso\n\t\t\t\t<\/dd><\/dl><dl class='gallery-item'>\n\t\t\t<dt class='gallery-icon portrait'>\n\t\t\t\t<a href='http:\/\/aisimasc-cp506.wordpresstemporal.com\/wp-content\/uploads\/2015\/09\/51.jpg'><img width=\"225\" height=\"300\" src=\"http:\/\/aisimasc-cp506.wordpresstemporal.com\/wp-content\/uploads\/2015\/09\/51-225x300.jpg\" class=\"attachment-medium size-medium\" alt=\"\" decoding=\"async\" loading=\"lazy\" aria-describedby=\"gallery-1-205\" srcset=\"http:\/\/aisimasc-cp506.wordpresstemporal.com\/wp-content\/uploads\/2015\/09\/51-225x300.jpg 225w, http:\/\/aisimasc-cp506.wordpresstemporal.com\/wp-content\/uploads\/2015\/09\/51.jpg 450w\" sizes=\"(max-width: 225px) 100vw, 225px\" \/><\/a>\n\t\t\t<\/dt>\n\t\t\t\t<dd class='wp-caption-text gallery-caption' id='gallery-1-205'>\n\t\t\t\tDetalle del logo integrado en el friso\n\t\t\t\t<\/dd><\/dl><dl class='gallery-item'>\n\t\t\t<dt class='gallery-icon portrait'>\n\t\t\t\t<a href='http:\/\/aisimasc-cp506.wordpresstemporal.com\/wp-content\/uploads\/2015\/09\/6.jpg'><img width=\"225\" height=\"300\" src=\"http:\/\/aisimasc-cp506.wordpresstemporal.com\/wp-content\/uploads\/2015\/09\/6-225x300.jpg\" class=\"attachment-medium size-medium\" alt=\"\" decoding=\"async\" loading=\"lazy\" aria-describedby=\"gallery-1-206\" srcset=\"http:\/\/aisimasc-cp506.wordpresstemporal.com\/wp-content\/uploads\/2015\/09\/6-225x300.jpg 225w, http:\/\/aisimasc-cp506.wordpresstemporal.com\/wp-content\/uploads\/2015\/09\/6.jpg 450w\" sizes=\"(max-width: 225px) 100vw, 225px\" \/><\/a>\n\t\t\t<\/dt>\n\t\t\t\t<dd class='wp-caption-text gallery-caption' id='gallery-1-206'>\n\t\t\t\tDetalle del tirador de la puerta\n\t\t\t\t<\/dd><\/dl><br style=\"clear: both\" \/>\n\t\t<\/div>\n\n<\/div>\n<h2 class=\"tituloBloque\">OGI BERRI &#8211; Irun<\/h2>\n<hr \/>\n<h2 class=\"tituloBloque\"><\/h2>\n<div class=\"textoBloque\">\n<p align=\"justify\">Este Ogi Berri cuenta con dos escaparates,una puerta de acceso con su verja y un espacio que da servicio a la terraza con una ventana de guillotina y encimera, realizadas por Aisi+.<\/p>\n<\/div>\n\n\t\t<style type=\"text\/css\">\n\t\t\t#gallery-2 {\n\t\t\t\tmargin: auto;\n\t\t\t}\n\t\t\t#gallery-2 .gallery-item {\n\t\t\t\tfloat: left;\n\t\t\t\tmargin-top: 10px;\n\t\t\t\ttext-align: center;\n\t\t\t\twidth: 33%;\n\t\t\t}\n\t\t\t#gallery-2 img {\n\t\t\t\tborder: 2px solid #cfcfcf;\n\t\t\t}\n\t\t\t#gallery-2 .gallery-caption {\n\t\t\t\tmargin-left: 0;\n\t\t\t}\n\t\t\t\/* see gallery_shortcode() in wp-includes\/media.php *\/\n\t\t<\/style>\n\t\t<div id='gallery-2' class='gallery galleryid-370 gallery-columns-3 gallery-size-medium'><dl class='gallery-item'>\n\t\t\t<dt class='gallery-icon portrait'>\n\t\t\t\t<a href='http:\/\/aisimasc-cp506.wordpresstemporal.com\/wp-content\/uploads\/2015\/09\/211.jpg'><img width=\"231\" height=\"300\" src=\"http:\/\/aisimasc-cp506.wordpresstemporal.com\/wp-content\/uploads\/2015\/09\/211-231x300.jpg\" class=\"attachment-medium size-medium\" alt=\"\" decoding=\"async\" loading=\"lazy\" aria-describedby=\"gallery-2-210\" srcset=\"http:\/\/aisimasc-cp506.wordpresstemporal.com\/wp-content\/uploads\/2015\/09\/211-231x300.jpg 231w, http:\/\/aisimasc-cp506.wordpresstemporal.com\/wp-content\/uploads\/2015\/09\/211.jpg 462w\" sizes=\"(max-width: 231px) 100vw, 231px\" \/><\/a>\n\t\t\t<\/dt>\n\t\t\t\t<dd class='wp-caption-text gallery-caption' id='gallery-2-210'>\n\t\t\t\tVerja de dise\u00f1o para la puerta de entrada\n\t\t\t\t<\/dd><\/dl><dl class='gallery-item'>\n\t\t\t<dt class='gallery-icon landscape'>\n\t\t\t\t<a href='http:\/\/aisimasc-cp506.wordpresstemporal.com\/wp-content\/uploads\/2015\/09\/311.jpg'><img width=\"300\" height=\"225\" src=\"http:\/\/aisimasc-cp506.wordpresstemporal.com\/wp-content\/uploads\/2015\/09\/311-300x225.jpg\" class=\"attachment-medium size-medium\" alt=\"\" decoding=\"async\" loading=\"lazy\" aria-describedby=\"gallery-2-208\" srcset=\"http:\/\/aisimasc-cp506.wordpresstemporal.com\/wp-content\/uploads\/2015\/09\/311-300x225.jpg 300w, http:\/\/aisimasc-cp506.wordpresstemporal.com\/wp-content\/uploads\/2015\/09\/311.jpg 800w\" sizes=\"(max-width: 300px) 100vw, 300px\" \/><\/a>\n\t\t\t<\/dt>\n\t\t\t\t<dd class='wp-caption-text gallery-caption' id='gallery-2-208'>\n\t\t\t\tDetalle de la verja\n\t\t\t\t<\/dd><\/dl><dl class='gallery-item'>\n\t\t\t<dt class='gallery-icon landscape'>\n\t\t\t\t<a href='http:\/\/aisimasc-cp506.wordpresstemporal.com\/wp-content\/uploads\/2015\/09\/111.jpg'><img width=\"300\" height=\"225\" src=\"http:\/\/aisimasc-cp506.wordpresstemporal.com\/wp-content\/uploads\/2015\/09\/111-300x225.jpg\" class=\"attachment-medium size-medium\" alt=\"\" decoding=\"async\" loading=\"lazy\" aria-describedby=\"gallery-2-209\" srcset=\"http:\/\/aisimasc-cp506.wordpresstemporal.com\/wp-content\/uploads\/2015\/09\/111-300x225.jpg 300w, http:\/\/aisimasc-cp506.wordpresstemporal.com\/wp-content\/uploads\/2015\/09\/111.jpg 800w\" sizes=\"(max-width: 300px) 100vw, 300px\" \/><\/a>\n\t\t\t<\/dt>\n\t\t\t\t<dd class='wp-caption-text gallery-caption' id='gallery-2-209'>\n\t\t\t\tConjunto de fachada con la ventana de guillotina\n\t\t\t\t<\/dd><\/dl><br style=\"clear: both\" \/>\n\t\t<\/div>\n\n<p>&nbsp;<\/p>\n<h2 class=\"tituloBloque\">PELUQUER\u00cdA NAGORE SUSPERREGUI-Irun<\/h2>\n<hr \/>\n<h2 class=\"tituloBloque\"><\/h2>\n<div class=\"textoBloque\">\n<p align=\"justify\">Esta peluquer\u00eda situada en el nuevo barrio de O\u00f1aurre en Irun, cuenta con un escaparate dise\u00f1ado por Aisi+.<br \/>\nCon la intenci\u00f3n de camuflar el falso techo y el aire acondicionado, se han colocado unas l\u00e1minas de acero inoxidable, las cuales se han perforado y cuyo conjunto de perforaciones forma una gran circunferencia, dando as\u00ed cabida a la ventilaci\u00f3n necesaria para el aire acondicionado.<\/p>\n<\/div>\n\n\t\t<style type=\"text\/css\">\n\t\t\t#gallery-3 {\n\t\t\t\tmargin: auto;\n\t\t\t}\n\t\t\t#gallery-3 .gallery-item {\n\t\t\t\tfloat: left;\n\t\t\t\tmargin-top: 10px;\n\t\t\t\ttext-align: center;\n\t\t\t\twidth: 50%;\n\t\t\t}\n\t\t\t#gallery-3 img {\n\t\t\t\tborder: 2px solid #cfcfcf;\n\t\t\t}\n\t\t\t#gallery-3 .gallery-caption {\n\t\t\t\tmargin-left: 0;\n\t\t\t}\n\t\t\t\/* see gallery_shortcode() in wp-includes\/media.php *\/\n\t\t<\/style>\n\t\t<div id='gallery-3' class='gallery galleryid-370 gallery-columns-2 gallery-size-medium'><dl class='gallery-item'>\n\t\t\t<dt class='gallery-icon landscape'>\n\t\t\t\t<a href='http:\/\/aisimasc-cp506.wordpresstemporal.com\/wp-content\/uploads\/2015\/09\/32.jpg'><img width=\"300\" height=\"225\" src=\"http:\/\/aisimasc-cp506.wordpresstemporal.com\/wp-content\/uploads\/2015\/09\/32-300x225.jpg\" class=\"attachment-medium size-medium\" alt=\"\" decoding=\"async\" loading=\"lazy\" aria-describedby=\"gallery-3-211\" srcset=\"http:\/\/aisimasc-cp506.wordpresstemporal.com\/wp-content\/uploads\/2015\/09\/32-300x225.jpg 300w, http:\/\/aisimasc-cp506.wordpresstemporal.com\/wp-content\/uploads\/2015\/09\/32.jpg 800w\" sizes=\"(max-width: 300px) 100vw, 300px\" \/><\/a>\n\t\t\t<\/dt>\n\t\t\t\t<dd class='wp-caption-text gallery-caption' id='gallery-3-211'>\n\t\t\t\tEscaparate en acero inoxidable\n\t\t\t\t<\/dd><\/dl><dl class='gallery-item'>\n\t\t\t<dt class='gallery-icon portrait'>\n\t\t\t\t<a href='http:\/\/aisimasc-cp506.wordpresstemporal.com\/wp-content\/uploads\/2015\/09\/33.jpg'><img width=\"225\" height=\"300\" src=\"http:\/\/aisimasc-cp506.wordpresstemporal.com\/wp-content\/uploads\/2015\/09\/33-225x300.jpg\" class=\"attachment-medium size-medium\" alt=\"\" decoding=\"async\" loading=\"lazy\" aria-describedby=\"gallery-3-212\" srcset=\"http:\/\/aisimasc-cp506.wordpresstemporal.com\/wp-content\/uploads\/2015\/09\/33-225x300.jpg 225w, http:\/\/aisimasc-cp506.wordpresstemporal.com\/wp-content\/uploads\/2015\/09\/33.jpg 450w\" sizes=\"(max-width: 225px) 100vw, 225px\" \/><\/a>\n\t\t\t<\/dt>\n\t\t\t\t<dd class='wp-caption-text gallery-caption' id='gallery-3-212'>\n\t\t\t\tDetalle de la rejilla de ventilaci\u00f3n\n\t\t\t\t<\/dd><\/dl><br style=\"clear: both\" \/>\n\t\t<\/div>\n\n","protected":false},"excerpt":{"rendered":"<p>GALANA ESTILISTAS-Pamplona Dise\u00f1ado en Aisi+, este sal\u00f3n de est\u00e9tica cuenta con marcos de escaparate y puerta de acero inoxidable. La fachada queda enmarcada por un friso en la parte superior, tambi\u00e9n en acero, que integra el logo del sal\u00f3n. OGI BERRI &#8211; Irun Este Ogi Berri cuenta con dos escaparates,una puerta de acceso con su [&hellip;]<\/p>\n","protected":false},"author":1,"featured_media":0,"parent":0,"menu_order":0,"comment_status":"closed","ping_status":"closed","template":"","meta":{"_et_pb_use_builder":"","_et_pb_old_content":""},"_links":{"self":[{"href":"http:\/\/aisimasc-cp506.wordpresstemporal.com\/index.php\/wp-json\/wp\/v2\/pages\/370"}],"collection":[{"href":"http:\/\/aisimasc-cp506.wordpresstemporal.com\/index.php\/wp-json\/wp\/v2\/pages"}],"about":[{"href":"http:\/\/aisimasc-cp506.wordpresstemporal.com\/index.php\/wp-json\/wp\/v2\/types\/page"}],"author":[{"embeddable":true,"href":"http:\/\/aisimasc-cp506.wordpresstemporal.com\/index.php\/wp-json\/wp\/v2\/users\/1"}],"replies":[{"embeddable":true,"href":"http:\/\/aisimasc-cp506.wordpresstemporal.com\/index.php\/wp-json\/wp\/v2\/comments?post=370"}],"version-history":[{"count":3,"href":"http:\/\/aisimasc-cp506.wordpresstemporal.com\/index.php\/wp-json\/wp\/v2\/pages\/370\/revisions"}],"predecessor-version":[{"id":464,"href":"http:\/\/aisimasc-cp506.wordpresstemporal.com\/index.php\/wp-json\/wp\/v2\/pages\/370\/revisions\/464"}],"wp:attachment":[{"href":"http:\/\/aisimasc-cp506.wordpresstemporal.com\/index.php\/wp-json\/wp\/v2\/media?parent=370"}],"curies":[{"name":"wp","href":"https:\/\/api.w.org\/{rel}","templated":true}]}}