{"id":69,"date":"2015-09-21T10:08:52","date_gmt":"2015-09-21T10:08:52","guid":{"rendered":"http:\/\/www.maquinaria-para-la-madera.com\/aisimas\/?page_id=69"},"modified":"2015-10-21T11:06:44","modified_gmt":"2015-10-21T11:06:44","slug":"mobiliario-para-hosteleria","status":"publish","type":"page","link":"http:\/\/aisimasc-cp506.wordpresstemporal.com\/index.php\/mobiliario-para-hosteleria\/","title":{"rendered":"HOSTELER\u00cdA"},"content":{"rendered":"<div class=\"textoBloque\">\n<hr \/>\n<p align=\"justify\">Los elementos y mobiliario para <strong>hosteler\u00eda<\/strong> aqu\u00ed se\u00f1alados:<br \/>\n&#8211; se fabrican a medida, seg\u00fan las necesidades del cliente<br \/>\n&#8211; est\u00e1n construidos \u00edntegramente en acero inoxidable<br \/>\n&#8211; acabados mates, pulidos brillantes o combinados<\/p>\n<\/div>\n<div class=\"lineaSeparacion\"><\/div>\n<h2 class=\"tituloBloque\"><\/h2>\n<h2 class=\"tituloBloque\">MESAS DE LAVADO<\/h2>\n<hr \/>\n<p>&nbsp;<\/p>\n<div class=\"textoBloque\">Todas las mesas dentro de este tipo de mobiliario cuenta con un relive para evitar el paso del agua.<\/div>\n<div class=\"textoBloque\">\n\n\t\t<style type=\"text\/css\">\n\t\t\t#gallery-1 {\n\t\t\t\tmargin: auto;\n\t\t\t}\n\t\t\t#gallery-1 .gallery-item {\n\t\t\t\tfloat: left;\n\t\t\t\tmargin-top: 10px;\n\t\t\t\ttext-align: center;\n\t\t\t\twidth: 33%;\n\t\t\t}\n\t\t\t#gallery-1 img {\n\t\t\t\tborder: 2px solid #cfcfcf;\n\t\t\t}\n\t\t\t#gallery-1 .gallery-caption {\n\t\t\t\tmargin-left: 0;\n\t\t\t}\n\t\t\t\/* see gallery_shortcode() in wp-includes\/media.php *\/\n\t\t<\/style>\n\t\t<div id='gallery-1' class='gallery galleryid-69 gallery-columns-3 gallery-size-medium'><dl class='gallery-item'>\n\t\t\t<dt class='gallery-icon landscape'>\n\t\t\t\t<a href='http:\/\/aisimasc-cp506.wordpresstemporal.com\/wp-content\/uploads\/2015\/09\/ENTRADA-Y-SALIDA-LV13859691562.jpg'><img width=\"300\" height=\"169\" src=\"http:\/\/aisimasc-cp506.wordpresstemporal.com\/wp-content\/uploads\/2015\/09\/ENTRADA-Y-SALIDA-LV13859691562-300x169.jpg\" class=\"attachment-medium size-medium\" alt=\"\" decoding=\"async\" loading=\"lazy\" aria-describedby=\"gallery-1-81\" srcset=\"http:\/\/aisimasc-cp506.wordpresstemporal.com\/wp-content\/uploads\/2015\/09\/ENTRADA-Y-SALIDA-LV13859691562-300x169.jpg 300w, http:\/\/aisimasc-cp506.wordpresstemporal.com\/wp-content\/uploads\/2015\/09\/ENTRADA-Y-SALIDA-LV13859691562.jpg 1000w\" sizes=\"(max-width: 300px) 100vw, 300px\" \/><\/a>\n\t\t\t<\/dt>\n\t\t\t\t<dd class='wp-caption-text gallery-caption' id='gallery-1-81'>\n\t\t\t\tMESA DE ENTRADA Y SALIDA DEL LAVAVAJILLAS\n\t\t\t\t<\/dd><\/dl><dl class='gallery-item'>\n\t\t\t<dt class='gallery-icon landscape'>\n\t\t\t\t<a href='http:\/\/aisimasc-cp506.wordpresstemporal.com\/wp-content\/uploads\/2015\/09\/MUEBLE-DE-TRABAJO-1-POZO13865270162.jpg'><img width=\"300\" height=\"169\" src=\"http:\/\/aisimasc-cp506.wordpresstemporal.com\/wp-content\/uploads\/2015\/09\/MUEBLE-DE-TRABAJO-1-POZO13865270162-300x169.jpg\" class=\"attachment-medium size-medium\" alt=\"\" decoding=\"async\" loading=\"lazy\" aria-describedby=\"gallery-1-83\" srcset=\"http:\/\/aisimasc-cp506.wordpresstemporal.com\/wp-content\/uploads\/2015\/09\/MUEBLE-DE-TRABAJO-1-POZO13865270162-300x169.jpg 300w, http:\/\/aisimasc-cp506.wordpresstemporal.com\/wp-content\/uploads\/2015\/09\/MUEBLE-DE-TRABAJO-1-POZO13865270162.jpg 1000w\" sizes=\"(max-width: 300px) 100vw, 300px\" \/><\/a>\n\t\t\t<\/dt>\n\t\t\t\t<dd class='wp-caption-text gallery-caption' id='gallery-1-83'>\n\t\t\t\tMUEBLE DE TRABAJO CON POZO\n\t\t\t\t<\/dd><\/dl><dl class='gallery-item'>\n\t\t\t<dt class='gallery-icon landscape'>\n\t\t\t\t<a href='http:\/\/aisimasc-cp506.wordpresstemporal.com\/wp-content\/uploads\/2015\/09\/MUEBLE-LAVADO13859690212.jpg'><img width=\"300\" height=\"169\" src=\"http:\/\/aisimasc-cp506.wordpresstemporal.com\/wp-content\/uploads\/2015\/09\/MUEBLE-LAVADO13859690212-300x169.jpg\" class=\"attachment-medium size-medium\" alt=\"\" decoding=\"async\" loading=\"lazy\" aria-describedby=\"gallery-1-85\" srcset=\"http:\/\/aisimasc-cp506.wordpresstemporal.com\/wp-content\/uploads\/2015\/09\/MUEBLE-LAVADO13859690212-300x169.jpg 300w, http:\/\/aisimasc-cp506.wordpresstemporal.com\/wp-content\/uploads\/2015\/09\/MUEBLE-LAVADO13859690212.jpg 1000w\" sizes=\"(max-width: 300px) 100vw, 300px\" \/><\/a>\n\t\t\t<\/dt>\n\t\t\t\t<dd class='wp-caption-text gallery-caption' id='gallery-1-85'>\n\t\t\t\tMESA DE LAVADO 1\n\t\t\t\t<\/dd><\/dl><br style=\"clear: both\" \/><dl class='gallery-item'>\n\t\t\t<dt class='gallery-icon landscape'>\n\t\t\t\t<a href='http:\/\/aisimasc-cp506.wordpresstemporal.com\/wp-content\/uploads\/2015\/09\/MUEBLE-LAVADO-COMPACTO13865278631.jpg'><img width=\"300\" height=\"169\" src=\"http:\/\/aisimasc-cp506.wordpresstemporal.com\/wp-content\/uploads\/2015\/09\/MUEBLE-LAVADO-COMPACTO13865278631-300x169.jpg\" class=\"attachment-medium size-medium\" alt=\"\" decoding=\"async\" loading=\"lazy\" aria-describedby=\"gallery-1-84\" srcset=\"http:\/\/aisimasc-cp506.wordpresstemporal.com\/wp-content\/uploads\/2015\/09\/MUEBLE-LAVADO-COMPACTO13865278631-300x169.jpg 300w, http:\/\/aisimasc-cp506.wordpresstemporal.com\/wp-content\/uploads\/2015\/09\/MUEBLE-LAVADO-COMPACTO13865278631.jpg 1000w\" sizes=\"(max-width: 300px) 100vw, 300px\" \/><\/a>\n\t\t\t<\/dt>\n\t\t\t\t<dd class='wp-caption-text gallery-caption' id='gallery-1-84'>\n\t\t\t\tMESA DE LAVADO 2\n\t\t\t\t<\/dd><\/dl><dl class='gallery-item'>\n\t\t\t<dt class='gallery-icon landscape'>\n\t\t\t\t<a href='http:\/\/aisimasc-cp506.wordpresstemporal.com\/wp-content\/uploads\/2015\/09\/MUEBLE-DE-LAVADO13880504001.jpg'><img width=\"300\" height=\"169\" src=\"http:\/\/aisimasc-cp506.wordpresstemporal.com\/wp-content\/uploads\/2015\/09\/MUEBLE-DE-LAVADO13880504001-300x169.jpg\" class=\"attachment-medium size-medium\" alt=\"\" decoding=\"async\" loading=\"lazy\" aria-describedby=\"gallery-1-82\" srcset=\"http:\/\/aisimasc-cp506.wordpresstemporal.com\/wp-content\/uploads\/2015\/09\/MUEBLE-DE-LAVADO13880504001-300x169.jpg 300w, http:\/\/aisimasc-cp506.wordpresstemporal.com\/wp-content\/uploads\/2015\/09\/MUEBLE-DE-LAVADO13880504001.jpg 1000w\" sizes=\"(max-width: 300px) 100vw, 300px\" \/><\/a>\n\t\t\t<\/dt>\n\t\t\t\t<dd class='wp-caption-text gallery-caption' id='gallery-1-82'>\n\t\t\t\tMESA DE LAVADO 3\n\t\t\t\t<\/dd><\/dl><dl class='gallery-item'>\n\t\t\t<dt class='gallery-icon landscape'>\n\t\t\t\t<a href='http:\/\/aisimasc-cp506.wordpresstemporal.com\/wp-content\/uploads\/2015\/09\/Mesa-lavado-con-patas13896973661.jpg'><img width=\"300\" height=\"169\" src=\"http:\/\/aisimasc-cp506.wordpresstemporal.com\/wp-content\/uploads\/2015\/09\/Mesa-lavado-con-patas13896973661-300x169.jpg\" class=\"attachment-medium size-medium\" alt=\"\" decoding=\"async\" loading=\"lazy\" aria-describedby=\"gallery-1-86\" srcset=\"http:\/\/aisimasc-cp506.wordpresstemporal.com\/wp-content\/uploads\/2015\/09\/Mesa-lavado-con-patas13896973661-300x169.jpg 300w, http:\/\/aisimasc-cp506.wordpresstemporal.com\/wp-content\/uploads\/2015\/09\/Mesa-lavado-con-patas13896973661.jpg 1000w\" sizes=\"(max-width: 300px) 100vw, 300px\" \/><\/a>\n\t\t\t<\/dt>\n\t\t\t\t<dd class='wp-caption-text gallery-caption' id='gallery-1-86'>\n\t\t\t\tMESA DE LAVADO 4\n\t\t\t\t<\/dd><\/dl><br style=\"clear: both\" \/>\n\t\t<\/div>\n\n<\/div>\n<h2 class=\"tituloBloque\">MUEBLES DE APOYO Y PREPARACI\u00d3N<\/h2>\n<hr \/>\n<p>&nbsp;<\/p>\n<div class=\"textoBloque\">Desarrollamos mobiliario al gusto del cliente y realizando rebajes si es necesario para que la maquinaria se integre completamente con el mueble.<\/div>\n<div class=\"textoBloque\"><\/div>\n<div class=\"textoBloque\">\n\n\t\t<style type=\"text\/css\">\n\t\t\t#gallery-2 {\n\t\t\t\tmargin: auto;\n\t\t\t}\n\t\t\t#gallery-2 .gallery-item {\n\t\t\t\tfloat: left;\n\t\t\t\tmargin-top: 10px;\n\t\t\t\ttext-align: center;\n\t\t\t\twidth: 33%;\n\t\t\t}\n\t\t\t#gallery-2 img {\n\t\t\t\tborder: 2px solid #cfcfcf;\n\t\t\t}\n\t\t\t#gallery-2 .gallery-caption {\n\t\t\t\tmargin-left: 0;\n\t\t\t}\n\t\t\t\/* see gallery_shortcode() in wp-includes\/media.php *\/\n\t\t<\/style>\n\t\t<div id='gallery-2' class='gallery galleryid-69 gallery-columns-3 gallery-size-medium'><dl class='gallery-item'>\n\t\t\t<dt class='gallery-icon landscape'>\n\t\t\t\t<a href='http:\/\/aisimasc-cp506.wordpresstemporal.com\/wp-content\/uploads\/2015\/09\/MESA-APOYO-FREIDORAS1385969752.jpg'><img width=\"300\" height=\"169\" src=\"http:\/\/aisimasc-cp506.wordpresstemporal.com\/wp-content\/uploads\/2015\/09\/MESA-APOYO-FREIDORAS1385969752-300x169.jpg\" class=\"attachment-medium size-medium\" alt=\"\" decoding=\"async\" loading=\"lazy\" aria-describedby=\"gallery-2-105\" srcset=\"http:\/\/aisimasc-cp506.wordpresstemporal.com\/wp-content\/uploads\/2015\/09\/MESA-APOYO-FREIDORAS1385969752-300x169.jpg 300w, http:\/\/aisimasc-cp506.wordpresstemporal.com\/wp-content\/uploads\/2015\/09\/MESA-APOYO-FREIDORAS1385969752.jpg 1000w\" sizes=\"(max-width: 300px) 100vw, 300px\" \/><\/a>\n\t\t\t<\/dt>\n\t\t\t\t<dd class='wp-caption-text gallery-caption' id='gallery-2-105'>\n\t\t\t\tMESA CON REBAJE PARA FREIDORA\n\t\t\t\t<\/dd><\/dl><dl class='gallery-item'>\n\t\t\t<dt class='gallery-icon landscape'>\n\t\t\t\t<a href='http:\/\/aisimasc-cp506.wordpresstemporal.com\/wp-content\/uploads\/2015\/09\/MESA-APOYO-PLANCHAS1385969775.jpg'><img width=\"300\" height=\"169\" src=\"http:\/\/aisimasc-cp506.wordpresstemporal.com\/wp-content\/uploads\/2015\/09\/MESA-APOYO-PLANCHAS1385969775-300x169.jpg\" class=\"attachment-medium size-medium\" alt=\"\" decoding=\"async\" loading=\"lazy\" aria-describedby=\"gallery-2-104\" srcset=\"http:\/\/aisimasc-cp506.wordpresstemporal.com\/wp-content\/uploads\/2015\/09\/MESA-APOYO-PLANCHAS1385969775-300x169.jpg 300w, http:\/\/aisimasc-cp506.wordpresstemporal.com\/wp-content\/uploads\/2015\/09\/MESA-APOYO-PLANCHAS1385969775.jpg 1000w\" sizes=\"(max-width: 300px) 100vw, 300px\" \/><\/a>\n\t\t\t<\/dt>\n\t\t\t\t<dd class='wp-caption-text gallery-caption' id='gallery-2-104'>\n\t\t\t\tMESA CON REBAJE PARA PLANCHA\n\t\t\t\t<\/dd><\/dl><dl class='gallery-item'>\n\t\t\t<dt class='gallery-icon landscape'>\n\t\t\t\t<a href='http:\/\/aisimasc-cp506.wordpresstemporal.com\/wp-content\/uploads\/2015\/09\/NUEVA1387884975.jpg'><img width=\"300\" height=\"169\" src=\"http:\/\/aisimasc-cp506.wordpresstemporal.com\/wp-content\/uploads\/2015\/09\/NUEVA1387884975-300x169.jpg\" class=\"attachment-medium size-medium\" alt=\"\" decoding=\"async\" loading=\"lazy\" aria-describedby=\"gallery-2-103\" srcset=\"http:\/\/aisimasc-cp506.wordpresstemporal.com\/wp-content\/uploads\/2015\/09\/NUEVA1387884975-300x169.jpg 300w, http:\/\/aisimasc-cp506.wordpresstemporal.com\/wp-content\/uploads\/2015\/09\/NUEVA1387884975.jpg 1000w\" sizes=\"(max-width: 300px) 100vw, 300px\" \/><\/a>\n\t\t\t<\/dt>\n\t\t\t\t<dd class='wp-caption-text gallery-caption' id='gallery-2-103'>\n\t\t\t\tMUEBLE DE APOYO\n\t\t\t\t<\/dd><\/dl><br style=\"clear: both\" \/><dl class='gallery-item'>\n\t\t\t<dt class='gallery-icon landscape'>\n\t\t\t\t<a href='http:\/\/aisimasc-cp506.wordpresstemporal.com\/wp-content\/uploads\/2015\/09\/MUEBLE-DE-TRABAJO-EN-L1386527121.jpg'><img width=\"300\" height=\"169\" src=\"http:\/\/aisimasc-cp506.wordpresstemporal.com\/wp-content\/uploads\/2015\/09\/MUEBLE-DE-TRABAJO-EN-L1386527121-300x169.jpg\" class=\"attachment-medium size-medium\" alt=\"\" decoding=\"async\" loading=\"lazy\" aria-describedby=\"gallery-2-102\" srcset=\"http:\/\/aisimasc-cp506.wordpresstemporal.com\/wp-content\/uploads\/2015\/09\/MUEBLE-DE-TRABAJO-EN-L1386527121-300x169.jpg 300w, http:\/\/aisimasc-cp506.wordpresstemporal.com\/wp-content\/uploads\/2015\/09\/MUEBLE-DE-TRABAJO-EN-L1386527121.jpg 1000w\" sizes=\"(max-width: 300px) 100vw, 300px\" \/><\/a>\n\t\t\t<\/dt>\n\t\t\t\t<dd class='wp-caption-text gallery-caption' id='gallery-2-102'>\n\t\t\t\tMUEBLE DE TRABAJO A DOS PAREDES\n\t\t\t\t<\/dd><\/dl><dl class='gallery-item'>\n\t\t\t<dt class='gallery-icon landscape'>\n\t\t\t\t<a href='http:\/\/aisimasc-cp506.wordpresstemporal.com\/wp-content\/uploads\/2015\/09\/Mueble-de-cocina1388051553.jpg'><img width=\"300\" height=\"169\" src=\"http:\/\/aisimasc-cp506.wordpresstemporal.com\/wp-content\/uploads\/2015\/09\/Mueble-de-cocina1388051553-300x169.jpg\" class=\"attachment-medium size-medium\" alt=\"\" decoding=\"async\" loading=\"lazy\" aria-describedby=\"gallery-2-101\" srcset=\"http:\/\/aisimasc-cp506.wordpresstemporal.com\/wp-content\/uploads\/2015\/09\/Mueble-de-cocina1388051553-300x169.jpg 300w, http:\/\/aisimasc-cp506.wordpresstemporal.com\/wp-content\/uploads\/2015\/09\/Mueble-de-cocina1388051553.jpg 1000w\" sizes=\"(max-width: 300px) 100vw, 300px\" \/><\/a>\n\t\t\t<\/dt>\n\t\t\t\t<dd class='wp-caption-text gallery-caption' id='gallery-2-101'>\n\t\t\t\tCOMPOSICI\u00d3N MUEBLE DE COCINA\n\t\t\t\t<\/dd><\/dl><dl class='gallery-item'>\n\t\t\t<dt class='gallery-icon landscape'>\n\t\t\t\t<a href='http:\/\/aisimasc-cp506.wordpresstemporal.com\/wp-content\/uploads\/2015\/09\/MUEBLE-CONTENEDOR-PARA-VAJILLA-Y-ACEITE-USADO1386528240.jpg'><img width=\"300\" height=\"169\" src=\"http:\/\/aisimasc-cp506.wordpresstemporal.com\/wp-content\/uploads\/2015\/09\/MUEBLE-CONTENEDOR-PARA-VAJILLA-Y-ACEITE-USADO1386528240-300x169.jpg\" class=\"attachment-medium size-medium\" alt=\"\" decoding=\"async\" loading=\"lazy\" aria-describedby=\"gallery-2-100\" srcset=\"http:\/\/aisimasc-cp506.wordpresstemporal.com\/wp-content\/uploads\/2015\/09\/MUEBLE-CONTENEDOR-PARA-VAJILLA-Y-ACEITE-USADO1386528240-300x169.jpg 300w, http:\/\/aisimasc-cp506.wordpresstemporal.com\/wp-content\/uploads\/2015\/09\/MUEBLE-CONTENEDOR-PARA-VAJILLA-Y-ACEITE-USADO1386528240.jpg 1000w\" sizes=\"(max-width: 300px) 100vw, 300px\" \/><\/a>\n\t\t\t<\/dt>\n\t\t\t\t<dd class='wp-caption-text gallery-caption' id='gallery-2-100'>\n\t\t\t\tMUEBLE CONTENEDOR PARA VAJILLA Y ACEITE USADO\n\t\t\t\t<\/dd><\/dl><br style=\"clear: both\" \/><dl class='gallery-item'>\n\t\t\t<dt class='gallery-icon landscape'>\n\t\t\t\t<a href='http:\/\/aisimasc-cp506.wordpresstemporal.com\/wp-content\/uploads\/2015\/09\/MESA-CONFORMADA-A-PILAR1390219722.jpg'><img width=\"300\" height=\"169\" src=\"http:\/\/aisimasc-cp506.wordpresstemporal.com\/wp-content\/uploads\/2015\/09\/MESA-CONFORMADA-A-PILAR1390219722-300x169.jpg\" class=\"attachment-medium size-medium\" alt=\"\" decoding=\"async\" loading=\"lazy\" aria-describedby=\"gallery-2-99\" srcset=\"http:\/\/aisimasc-cp506.wordpresstemporal.com\/wp-content\/uploads\/2015\/09\/MESA-CONFORMADA-A-PILAR1390219722-300x169.jpg 300w, http:\/\/aisimasc-cp506.wordpresstemporal.com\/wp-content\/uploads\/2015\/09\/MESA-CONFORMADA-A-PILAR1390219722.jpg 1000w\" sizes=\"(max-width: 300px) 100vw, 300px\" \/><\/a>\n\t\t\t<\/dt>\n\t\t\t\t<dd class='wp-caption-text gallery-caption' id='gallery-2-99'>\n\t\t\t\tMESA CONFORMADA A PILAR\n\t\t\t\t<\/dd><\/dl><dl class='gallery-item'>\n\t\t\t<dt class='gallery-icon landscape'>\n\t\t\t\t<a href='http:\/\/aisimasc-cp506.wordpresstemporal.com\/wp-content\/uploads\/2015\/09\/MESA-CON-RUEDAS1386527508.jpg'><img width=\"300\" height=\"169\" src=\"http:\/\/aisimasc-cp506.wordpresstemporal.com\/wp-content\/uploads\/2015\/09\/MESA-CON-RUEDAS1386527508-300x169.jpg\" class=\"attachment-medium size-medium\" alt=\"\" decoding=\"async\" loading=\"lazy\" aria-describedby=\"gallery-2-98\" srcset=\"http:\/\/aisimasc-cp506.wordpresstemporal.com\/wp-content\/uploads\/2015\/09\/MESA-CON-RUEDAS1386527508-300x169.jpg 300w, http:\/\/aisimasc-cp506.wordpresstemporal.com\/wp-content\/uploads\/2015\/09\/MESA-CON-RUEDAS1386527508.jpg 1000w\" sizes=\"(max-width: 300px) 100vw, 300px\" \/><\/a>\n\t\t\t<\/dt>\n\t\t\t\t<dd class='wp-caption-text gallery-caption' id='gallery-2-98'>\n\t\t\t\tMESA CON RUEDAS\n\t\t\t\t<\/dd><\/dl><dl class='gallery-item'>\n\t\t\t<dt class='gallery-icon landscape'>\n\t\t\t\t<a href='http:\/\/aisimasc-cp506.wordpresstemporal.com\/wp-content\/uploads\/2015\/09\/Mesa-apoyo-hornopsd1389697290.jpg'><img width=\"300\" height=\"169\" src=\"http:\/\/aisimasc-cp506.wordpresstemporal.com\/wp-content\/uploads\/2015\/09\/Mesa-apoyo-hornopsd1389697290-300x169.jpg\" class=\"attachment-medium size-medium\" alt=\"\" decoding=\"async\" loading=\"lazy\" aria-describedby=\"gallery-2-97\" srcset=\"http:\/\/aisimasc-cp506.wordpresstemporal.com\/wp-content\/uploads\/2015\/09\/Mesa-apoyo-hornopsd1389697290-300x169.jpg 300w, http:\/\/aisimasc-cp506.wordpresstemporal.com\/wp-content\/uploads\/2015\/09\/Mesa-apoyo-hornopsd1389697290.jpg 1000w\" sizes=\"(max-width: 300px) 100vw, 300px\" \/><\/a>\n\t\t\t<\/dt>\n\t\t\t\t<dd class='wp-caption-text gallery-caption' id='gallery-2-97'>\n\t\t\t\tMESA DE APOYO HORNO\n\t\t\t\t<\/dd><\/dl><br style=\"clear: both\" \/><dl class='gallery-item'>\n\t\t\t<dt class='gallery-icon landscape'>\n\t\t\t\t<a href='http:\/\/aisimasc-cp506.wordpresstemporal.com\/wp-content\/uploads\/2015\/09\/MESA-APOYO-HORNO1386530620.jpg'><img width=\"300\" height=\"169\" src=\"http:\/\/aisimasc-cp506.wordpresstemporal.com\/wp-content\/uploads\/2015\/09\/MESA-APOYO-HORNO1386530620-300x169.jpg\" class=\"attachment-medium size-medium\" alt=\"\" decoding=\"async\" loading=\"lazy\" aria-describedby=\"gallery-2-96\" srcset=\"http:\/\/aisimasc-cp506.wordpresstemporal.com\/wp-content\/uploads\/2015\/09\/MESA-APOYO-HORNO1386530620-300x169.jpg 300w, http:\/\/aisimasc-cp506.wordpresstemporal.com\/wp-content\/uploads\/2015\/09\/MESA-APOYO-HORNO1386530620.jpg 1000w\" sizes=\"(max-width: 300px) 100vw, 300px\" \/><\/a>\n\t\t\t<\/dt>\n\t\t\t\t<dd class='wp-caption-text gallery-caption' id='gallery-2-96'>\n\t\t\t\tMESA APOYO HORNO\n\t\t\t\t<\/dd><\/dl><dl class='gallery-item'>\n\t\t\t<dt class='gallery-icon landscape'>\n\t\t\t\t<a href='http:\/\/aisimasc-cp506.wordpresstemporal.com\/wp-content\/uploads\/2015\/09\/CAJONERA1388491390.jpg'><img width=\"300\" height=\"169\" src=\"http:\/\/aisimasc-cp506.wordpresstemporal.com\/wp-content\/uploads\/2015\/09\/CAJONERA1388491390-300x169.jpg\" class=\"attachment-medium size-medium\" alt=\"\" decoding=\"async\" loading=\"lazy\" aria-describedby=\"gallery-2-95\" srcset=\"http:\/\/aisimasc-cp506.wordpresstemporal.com\/wp-content\/uploads\/2015\/09\/CAJONERA1388491390-300x169.jpg 300w, http:\/\/aisimasc-cp506.wordpresstemporal.com\/wp-content\/uploads\/2015\/09\/CAJONERA1388491390.jpg 1000w\" sizes=\"(max-width: 300px) 100vw, 300px\" \/><\/a>\n\t\t\t<\/dt>\n\t\t\t\t<dd class='wp-caption-text gallery-caption' id='gallery-2-95'>\n\t\t\t\tM\u00d3DULO CAJONERO\n\t\t\t\t<\/dd><\/dl>\n\t\t\t<br style='clear: both' \/>\n\t\t<\/div>\n\n<\/div>\n<div class=\"textoBloque\"><\/div>\n<div class=\"textoBloque\"><\/div>\n<h2 class=\"tituloBloque\">APARADORES<\/h2>\n<hr \/>\n<p>&nbsp;<\/p>\n<div class=\"textoBloque\">Muebles a medida pensados para el almacenaje y aprovechamiento del espacio.<\/div>\n<div class=\"textoBloque\"><\/div>\n<div class=\"textoBloque\">\n\n\t\t<style type=\"text\/css\">\n\t\t\t#gallery-3 {\n\t\t\t\tmargin: auto;\n\t\t\t}\n\t\t\t#gallery-3 .gallery-item {\n\t\t\t\tfloat: left;\n\t\t\t\tmargin-top: 10px;\n\t\t\t\ttext-align: center;\n\t\t\t\twidth: 33%;\n\t\t\t}\n\t\t\t#gallery-3 img {\n\t\t\t\tborder: 2px solid #cfcfcf;\n\t\t\t}\n\t\t\t#gallery-3 .gallery-caption {\n\t\t\t\tmargin-left: 0;\n\t\t\t}\n\t\t\t\/* see gallery_shortcode() in wp-includes\/media.php *\/\n\t\t<\/style>\n\t\t<div id='gallery-3' class='gallery galleryid-69 gallery-columns-3 gallery-size-medium'><dl class='gallery-item'>\n\t\t\t<dt class='gallery-icon landscape'>\n\t\t\t\t<a href='http:\/\/aisimasc-cp506.wordpresstemporal.com\/wp-content\/uploads\/2015\/09\/Armario-contenedor1390315898.jpg'><img width=\"300\" height=\"169\" src=\"http:\/\/aisimasc-cp506.wordpresstemporal.com\/wp-content\/uploads\/2015\/09\/Armario-contenedor1390315898-300x169.jpg\" class=\"attachment-medium size-medium\" alt=\"\" decoding=\"async\" loading=\"lazy\" aria-describedby=\"gallery-3-93\" srcset=\"http:\/\/aisimasc-cp506.wordpresstemporal.com\/wp-content\/uploads\/2015\/09\/Armario-contenedor1390315898-300x169.jpg 300w, http:\/\/aisimasc-cp506.wordpresstemporal.com\/wp-content\/uploads\/2015\/09\/Armario-contenedor1390315898.jpg 1000w\" sizes=\"(max-width: 300px) 100vw, 300px\" \/><\/a>\n\t\t\t<\/dt>\n\t\t\t\t<dd class='wp-caption-text gallery-caption' id='gallery-3-93'>\n\t\t\t\tARMARIO CONTENEDOR\n\t\t\t\t<\/dd><\/dl><dl class='gallery-item'>\n\t\t\t<dt class='gallery-icon landscape'>\n\t\t\t\t<a href='http:\/\/aisimasc-cp506.wordpresstemporal.com\/wp-content\/uploads\/2015\/09\/APARADOR-DOS-CUERPOS1387886680.jpg'><img width=\"300\" height=\"169\" src=\"http:\/\/aisimasc-cp506.wordpresstemporal.com\/wp-content\/uploads\/2015\/09\/APARADOR-DOS-CUERPOS1387886680-300x169.jpg\" class=\"attachment-medium size-medium\" alt=\"\" decoding=\"async\" loading=\"lazy\" aria-describedby=\"gallery-3-92\" srcset=\"http:\/\/aisimasc-cp506.wordpresstemporal.com\/wp-content\/uploads\/2015\/09\/APARADOR-DOS-CUERPOS1387886680-300x169.jpg 300w, http:\/\/aisimasc-cp506.wordpresstemporal.com\/wp-content\/uploads\/2015\/09\/APARADOR-DOS-CUERPOS1387886680.jpg 1000w\" sizes=\"(max-width: 300px) 100vw, 300px\" \/><\/a>\n\t\t\t<\/dt>\n\t\t\t\t<dd class='wp-caption-text gallery-caption' id='gallery-3-92'>\n\t\t\t\tAPARADOR DOS CUERPOS\n\t\t\t\t<\/dd><\/dl><dl class='gallery-item'>\n\t\t\t<dt class='gallery-icon landscape'>\n\t\t\t\t<a href='http:\/\/aisimasc-cp506.wordpresstemporal.com\/wp-content\/uploads\/2015\/09\/Armario-vajillero1388491509.jpg'><img width=\"300\" height=\"169\" src=\"http:\/\/aisimasc-cp506.wordpresstemporal.com\/wp-content\/uploads\/2015\/09\/Armario-vajillero1388491509-300x169.jpg\" class=\"attachment-medium size-medium\" alt=\"\" decoding=\"async\" loading=\"lazy\" aria-describedby=\"gallery-3-91\" srcset=\"http:\/\/aisimasc-cp506.wordpresstemporal.com\/wp-content\/uploads\/2015\/09\/Armario-vajillero1388491509-300x169.jpg 300w, http:\/\/aisimasc-cp506.wordpresstemporal.com\/wp-content\/uploads\/2015\/09\/Armario-vajillero1388491509.jpg 1000w\" sizes=\"(max-width: 300px) 100vw, 300px\" \/><\/a>\n\t\t\t<\/dt>\n\t\t\t\t<dd class='wp-caption-text gallery-caption' id='gallery-3-91'>\n\t\t\t\tMUEBLE VAJILLERO\n\t\t\t\t<\/dd><\/dl><br style=\"clear: both\" \/><dl class='gallery-item'>\n\t\t\t<dt class='gallery-icon landscape'>\n\t\t\t\t<a href='http:\/\/aisimasc-cp506.wordpresstemporal.com\/wp-content\/uploads\/2015\/09\/APARADOR-HENDAIA1387886697.jpg'><img width=\"300\" height=\"169\" src=\"http:\/\/aisimasc-cp506.wordpresstemporal.com\/wp-content\/uploads\/2015\/09\/APARADOR-HENDAIA1387886697-300x169.jpg\" class=\"attachment-medium size-medium\" alt=\"\" decoding=\"async\" loading=\"lazy\" aria-describedby=\"gallery-3-90\" srcset=\"http:\/\/aisimasc-cp506.wordpresstemporal.com\/wp-content\/uploads\/2015\/09\/APARADOR-HENDAIA1387886697-300x169.jpg 300w, http:\/\/aisimasc-cp506.wordpresstemporal.com\/wp-content\/uploads\/2015\/09\/APARADOR-HENDAIA1387886697.jpg 1000w\" sizes=\"(max-width: 300px) 100vw, 300px\" \/><\/a>\n\t\t\t<\/dt>\n\t\t\t\t<dd class='wp-caption-text gallery-caption' id='gallery-3-90'>\n\t\t\t\tAPARADOR TRES CUERPOS\n\t\t\t\t<\/dd><\/dl><dl class='gallery-item'>\n\t\t\t<dt class='gallery-icon landscape'>\n\t\t\t\t<a href='http:\/\/aisimasc-cp506.wordpresstemporal.com\/wp-content\/uploads\/2015\/09\/APARADOR-CENTRAL1387886763.jpg'><img width=\"300\" height=\"169\" src=\"http:\/\/aisimasc-cp506.wordpresstemporal.com\/wp-content\/uploads\/2015\/09\/APARADOR-CENTRAL1387886763-300x169.jpg\" class=\"attachment-medium size-medium\" alt=\"\" decoding=\"async\" loading=\"lazy\" aria-describedby=\"gallery-3-89\" srcset=\"http:\/\/aisimasc-cp506.wordpresstemporal.com\/wp-content\/uploads\/2015\/09\/APARADOR-CENTRAL1387886763-300x169.jpg 300w, http:\/\/aisimasc-cp506.wordpresstemporal.com\/wp-content\/uploads\/2015\/09\/APARADOR-CENTRAL1387886763.jpg 1000w\" sizes=\"(max-width: 300px) 100vw, 300px\" \/><\/a>\n\t\t\t<\/dt>\n\t\t\t\t<dd class='wp-caption-text gallery-caption' id='gallery-3-89'>\n\t\t\t\tAPARADOR CENTRAL\n\t\t\t\t<\/dd><\/dl>\n\t\t\t<br style='clear: both' \/>\n\t\t<\/div>\n\n<\/div>\n<div class=\"textoBloque\"><\/div>\n<div class=\"textoBloque\">\n<h2 class=\"tituloBloque\">MUEBLES CONTENEDORES<\/h2>\n<hr \/>\n<p>&nbsp;<\/p>\n<div class=\"textoBloque\">Estos muebles est\u00e1n pensados para albergar de una forma higi\u00e9nica sus residuos.<\/div>\n<\/div>\n<div class=\"textoBloque\"><\/div>\n<div class=\"textoBloque\">\n\n\t\t<style type=\"text\/css\">\n\t\t\t#gallery-4 {\n\t\t\t\tmargin: auto;\n\t\t\t}\n\t\t\t#gallery-4 .gallery-item {\n\t\t\t\tfloat: left;\n\t\t\t\tmargin-top: 10px;\n\t\t\t\ttext-align: center;\n\t\t\t\twidth: 50%;\n\t\t\t}\n\t\t\t#gallery-4 img {\n\t\t\t\tborder: 2px solid #cfcfcf;\n\t\t\t}\n\t\t\t#gallery-4 .gallery-caption {\n\t\t\t\tmargin-left: 0;\n\t\t\t}\n\t\t\t\/* see gallery_shortcode() in wp-includes\/media.php *\/\n\t\t<\/style>\n\t\t<div id='gallery-4' class='gallery galleryid-69 gallery-columns-2 gallery-size-medium'><dl class='gallery-item'>\n\t\t\t<dt class='gallery-icon landscape'>\n\t\t\t\t<a href='http:\/\/aisimasc-cp506.wordpresstemporal.com\/wp-content\/uploads\/2015\/09\/MODULO-CONTENEDOR-BASURA1388492892.jpg'><img width=\"300\" height=\"169\" src=\"http:\/\/aisimasc-cp506.wordpresstemporal.com\/wp-content\/uploads\/2015\/09\/MODULO-CONTENEDOR-BASURA1388492892-300x169.jpg\" class=\"attachment-medium size-medium\" alt=\"\" decoding=\"async\" loading=\"lazy\" aria-describedby=\"gallery-4-107\" srcset=\"http:\/\/aisimasc-cp506.wordpresstemporal.com\/wp-content\/uploads\/2015\/09\/MODULO-CONTENEDOR-BASURA1388492892-300x169.jpg 300w, http:\/\/aisimasc-cp506.wordpresstemporal.com\/wp-content\/uploads\/2015\/09\/MODULO-CONTENEDOR-BASURA1388492892.jpg 1000w\" sizes=\"(max-width: 300px) 100vw, 300px\" \/><\/a>\n\t\t\t<\/dt>\n\t\t\t\t<dd class='wp-caption-text gallery-caption' id='gallery-4-107'>\n\t\t\t\tM\u00d3DULO CONTENEDOR DE BASURA\n\t\t\t\t<\/dd><\/dl><dl class='gallery-item'>\n\t\t\t<dt class='gallery-icon landscape'>\n\t\t\t\t<a href='http:\/\/aisimasc-cp506.wordpresstemporal.com\/wp-content\/uploads\/2015\/09\/MUEBLE-CONTENEDOR-ACEITE-USADO1387884896.jpg'><img width=\"300\" height=\"169\" src=\"http:\/\/aisimasc-cp506.wordpresstemporal.com\/wp-content\/uploads\/2015\/09\/MUEBLE-CONTENEDOR-ACEITE-USADO1387884896-300x169.jpg\" class=\"attachment-medium size-medium\" alt=\"\" decoding=\"async\" loading=\"lazy\" aria-describedby=\"gallery-4-108\" srcset=\"http:\/\/aisimasc-cp506.wordpresstemporal.com\/wp-content\/uploads\/2015\/09\/MUEBLE-CONTENEDOR-ACEITE-USADO1387884896-300x169.jpg 300w, http:\/\/aisimasc-cp506.wordpresstemporal.com\/wp-content\/uploads\/2015\/09\/MUEBLE-CONTENEDOR-ACEITE-USADO1387884896.jpg 1000w\" sizes=\"(max-width: 300px) 100vw, 300px\" \/><\/a>\n\t\t\t<\/dt>\n\t\t\t\t<dd class='wp-caption-text gallery-caption' id='gallery-4-108'>\n\t\t\t\tCONTENEDOR PARA ACEITE USADO\n\t\t\t\t<\/dd><\/dl><br style=\"clear: both\" \/>\n\t\t<\/div>\n\n<\/div>\n<div class=\"textoBloque\">\n<h2 class=\"tituloBloque\">MUEBLES DE BAR &#8211; CAFETER\u00cdA<\/h2>\n<hr \/>\n<p>&nbsp;<\/p>\n<div class=\"textoBloque\">Realizamos los muebles cafeteros adaptados a las necesidades del cliente.<\/div>\n<\/div>\n<div class=\"textoBloque\">\n\n\t\t<style type=\"text\/css\">\n\t\t\t#gallery-5 {\n\t\t\t\tmargin: auto;\n\t\t\t}\n\t\t\t#gallery-5 .gallery-item {\n\t\t\t\tfloat: left;\n\t\t\t\tmargin-top: 10px;\n\t\t\t\ttext-align: center;\n\t\t\t\twidth: 50%;\n\t\t\t}\n\t\t\t#gallery-5 img {\n\t\t\t\tborder: 2px solid #cfcfcf;\n\t\t\t}\n\t\t\t#gallery-5 .gallery-caption {\n\t\t\t\tmargin-left: 0;\n\t\t\t}\n\t\t\t\/* see gallery_shortcode() in wp-includes\/media.php *\/\n\t\t<\/style>\n\t\t<div id='gallery-5' class='gallery galleryid-69 gallery-columns-2 gallery-size-medium'><dl class='gallery-item'>\n\t\t\t<dt class='gallery-icon landscape'>\n\t\t\t\t<a href='http:\/\/aisimasc-cp506.wordpresstemporal.com\/wp-content\/uploads\/2015\/09\/CAFETEROpsd1388491231.jpg'><img width=\"300\" height=\"169\" src=\"http:\/\/aisimasc-cp506.wordpresstemporal.com\/wp-content\/uploads\/2015\/09\/CAFETEROpsd1388491231-300x169.jpg\" class=\"attachment-medium size-medium\" alt=\"\" decoding=\"async\" loading=\"lazy\" aria-describedby=\"gallery-5-111\" srcset=\"http:\/\/aisimasc-cp506.wordpresstemporal.com\/wp-content\/uploads\/2015\/09\/CAFETEROpsd1388491231-300x169.jpg 300w, http:\/\/aisimasc-cp506.wordpresstemporal.com\/wp-content\/uploads\/2015\/09\/CAFETEROpsd1388491231.jpg 1000w\" sizes=\"(max-width: 300px) 100vw, 300px\" \/><\/a>\n\t\t\t<\/dt>\n\t\t\t\t<dd class='wp-caption-text gallery-caption' id='gallery-5-111'>\n\t\t\t\tMUEBLE CAFETERO 1\n\t\t\t\t<\/dd><\/dl><dl class='gallery-item'>\n\t\t\t<dt class='gallery-icon landscape'>\n\t\t\t\t<a href='http:\/\/aisimasc-cp506.wordpresstemporal.com\/wp-content\/uploads\/2015\/09\/Mueble-cafetera1387283660.jpg'><img width=\"300\" height=\"169\" src=\"http:\/\/aisimasc-cp506.wordpresstemporal.com\/wp-content\/uploads\/2015\/09\/Mueble-cafetera1387283660-300x169.jpg\" class=\"attachment-medium size-medium\" alt=\"\" decoding=\"async\" loading=\"lazy\" aria-describedby=\"gallery-5-110\" srcset=\"http:\/\/aisimasc-cp506.wordpresstemporal.com\/wp-content\/uploads\/2015\/09\/Mueble-cafetera1387283660-300x169.jpg 300w, http:\/\/aisimasc-cp506.wordpresstemporal.com\/wp-content\/uploads\/2015\/09\/Mueble-cafetera1387283660.jpg 1000w\" sizes=\"(max-width: 300px) 100vw, 300px\" \/><\/a>\n\t\t\t<\/dt>\n\t\t\t\t<dd class='wp-caption-text gallery-caption' id='gallery-5-110'>\n\t\t\t\tMUEBLE CAFETERO 2\n\t\t\t\t<\/dd><\/dl><br style=\"clear: both\" \/>\n\t\t<\/div>\n\n<h2 class=\"tituloBloque\">ESTANTES<\/h2>\n<hr \/>\n<p>&nbsp;<\/p>\n<div class=\"textoBloque\">Soluci\u00f3n de almacenaje mural, permite liberar espacio en la cocina y nos adecuamos a la medida que m\u00e1s le convenga.<\/div>\n<\/div>\n<div class=\"textoBloque\">\n\n\t\t<style type=\"text\/css\">\n\t\t\t#gallery-6 {\n\t\t\t\tmargin: auto;\n\t\t\t}\n\t\t\t#gallery-6 .gallery-item {\n\t\t\t\tfloat: left;\n\t\t\t\tmargin-top: 10px;\n\t\t\t\ttext-align: center;\n\t\t\t\twidth: 33%;\n\t\t\t}\n\t\t\t#gallery-6 img {\n\t\t\t\tborder: 2px solid #cfcfcf;\n\t\t\t}\n\t\t\t#gallery-6 .gallery-caption {\n\t\t\t\tmargin-left: 0;\n\t\t\t}\n\t\t\t\/* see gallery_shortcode() in wp-includes\/media.php *\/\n\t\t<\/style>\n\t\t<div id='gallery-6' class='gallery galleryid-69 gallery-columns-3 gallery-size-medium'><dl class='gallery-item'>\n\t\t\t<dt class='gallery-icon landscape'>\n\t\t\t\t<a href='http:\/\/aisimasc-cp506.wordpresstemporal.com\/wp-content\/uploads\/2015\/09\/ESTAMTE-VARILLA-PARA-TAPAS-DE-CAZUELA1388276304.jpg'><img width=\"300\" height=\"169\" src=\"http:\/\/aisimasc-cp506.wordpresstemporal.com\/wp-content\/uploads\/2015\/09\/ESTAMTE-VARILLA-PARA-TAPAS-DE-CAZUELA1388276304-300x169.jpg\" class=\"attachment-medium size-medium\" alt=\"\" decoding=\"async\" loading=\"lazy\" aria-describedby=\"gallery-6-112\" srcset=\"http:\/\/aisimasc-cp506.wordpresstemporal.com\/wp-content\/uploads\/2015\/09\/ESTAMTE-VARILLA-PARA-TAPAS-DE-CAZUELA1388276304-300x169.jpg 300w, http:\/\/aisimasc-cp506.wordpresstemporal.com\/wp-content\/uploads\/2015\/09\/ESTAMTE-VARILLA-PARA-TAPAS-DE-CAZUELA1388276304.jpg 1000w\" sizes=\"(max-width: 300px) 100vw, 300px\" \/><\/a>\n\t\t\t<\/dt>\n\t\t\t\t<dd class='wp-caption-text gallery-caption' id='gallery-6-112'>\n\t\t\t\tESTANTE MURAL PARA TAPAS DE CAZUELA\n\t\t\t\t<\/dd><\/dl><dl class='gallery-item'>\n\t\t\t<dt class='gallery-icon landscape'>\n\t\t\t\t<a href='http:\/\/aisimasc-cp506.wordpresstemporal.com\/wp-content\/uploads\/2015\/09\/ESTANTE-PARED1387884622.jpg'><img width=\"300\" height=\"169\" src=\"http:\/\/aisimasc-cp506.wordpresstemporal.com\/wp-content\/uploads\/2015\/09\/ESTANTE-PARED1387884622-300x169.jpg\" class=\"attachment-medium size-medium\" alt=\"\" decoding=\"async\" loading=\"lazy\" aria-describedby=\"gallery-6-113\" srcset=\"http:\/\/aisimasc-cp506.wordpresstemporal.com\/wp-content\/uploads\/2015\/09\/ESTANTE-PARED1387884622-300x169.jpg 300w, http:\/\/aisimasc-cp506.wordpresstemporal.com\/wp-content\/uploads\/2015\/09\/ESTANTE-PARED1387884622.jpg 1000w\" sizes=\"(max-width: 300px) 100vw, 300px\" \/><\/a>\n\t\t\t<\/dt>\n\t\t\t\t<dd class='wp-caption-text gallery-caption' id='gallery-6-113'>\n\t\t\t\tESTANTE MURAL\n\t\t\t\t<\/dd><\/dl><dl class='gallery-item'>\n\t\t\t<dt class='gallery-icon landscape'>\n\t\t\t\t<a href='http:\/\/aisimasc-cp506.wordpresstemporal.com\/wp-content\/uploads\/2015\/09\/ESTANTE-CON-SOPORTE-PARA-COMANDAS1387884609.jpg'><img width=\"300\" height=\"169\" src=\"http:\/\/aisimasc-cp506.wordpresstemporal.com\/wp-content\/uploads\/2015\/09\/ESTANTE-CON-SOPORTE-PARA-COMANDAS1387884609-300x169.jpg\" class=\"attachment-medium size-medium\" alt=\"\" decoding=\"async\" loading=\"lazy\" aria-describedby=\"gallery-6-114\" srcset=\"http:\/\/aisimasc-cp506.wordpresstemporal.com\/wp-content\/uploads\/2015\/09\/ESTANTE-CON-SOPORTE-PARA-COMANDAS1387884609-300x169.jpg 300w, http:\/\/aisimasc-cp506.wordpresstemporal.com\/wp-content\/uploads\/2015\/09\/ESTANTE-CON-SOPORTE-PARA-COMANDAS1387884609.jpg 1000w\" sizes=\"(max-width: 300px) 100vw, 300px\" \/><\/a>\n\t\t\t<\/dt>\n\t\t\t\t<dd class='wp-caption-text gallery-caption' id='gallery-6-114'>\n\t\t\t\tESTANTE MURAL PARA COMANDAS\n\t\t\t\t<\/dd><\/dl><br style=\"clear: both\" \/>\n\t\t<\/div>\n\n<\/div>\n<div class=\"textoBloque\"><\/div>\n<div class=\"textoBloque\"><\/div>\n<div class=\"textoBloque\"><\/div>\n<div class=\"textoBloque\"><\/div>\n","protected":false},"excerpt":{"rendered":"<p>Los elementos y mobiliario para hosteler\u00eda aqu\u00ed se\u00f1alados: &#8211; se fabrican a medida, seg\u00fan las necesidades del cliente &#8211; est\u00e1n construidos \u00edntegramente en acero inoxidable &#8211; acabados mates, pulidos brillantes o combinados MESAS DE LAVADO &nbsp; Todas las mesas dentro de este tipo de mobiliario cuenta con un relive para evitar el paso del agua. [&hellip;]<\/p>\n","protected":false},"author":2,"featured_media":0,"parent":0,"menu_order":0,"comment_status":"closed","ping_status":"closed","template":"","meta":{"_et_pb_use_builder":"","_et_pb_old_content":""},"_links":{"self":[{"href":"http:\/\/aisimasc-cp506.wordpresstemporal.com\/index.php\/wp-json\/wp\/v2\/pages\/69"}],"collection":[{"href":"http:\/\/aisimasc-cp506.wordpresstemporal.com\/index.php\/wp-json\/wp\/v2\/pages"}],"about":[{"href":"http:\/\/aisimasc-cp506.wordpresstemporal.com\/index.php\/wp-json\/wp\/v2\/types\/page"}],"author":[{"embeddable":true,"href":"http:\/\/aisimasc-cp506.wordpresstemporal.com\/index.php\/wp-json\/wp\/v2\/users\/2"}],"replies":[{"embeddable":true,"href":"http:\/\/aisimasc-cp506.wordpresstemporal.com\/index.php\/wp-json\/wp\/v2\/comments?post=69"}],"version-history":[{"count":1,"href":"http:\/\/aisimasc-cp506.wordpresstemporal.com\/index.php\/wp-json\/wp\/v2\/pages\/69\/revisions"}],"predecessor-version":[{"id":426,"href":"http:\/\/aisimasc-cp506.wordpresstemporal.com\/index.php\/wp-json\/wp\/v2\/pages\/69\/revisions\/426"}],"wp:attachment":[{"href":"http:\/\/aisimasc-cp506.wordpresstemporal.com\/index.php\/wp-json\/wp\/v2\/media?parent=69"}],"curies":[{"name":"wp","href":"https:\/\/api.w.org\/{rel}","templated":true}]}}